{"id":8333,"date":"2022-03-17T09:33:26","date_gmt":"2022-03-17T12:33:26","guid":{"rendered":"https:\/\/higiene.edu.uy\/medicina-preventiva\/?page_id=8333"},"modified":"2025-12-05T10:45:41","modified_gmt":"2025-12-05T13:45:41","slug":"extension","status":"publish","type":"page","link":"https:\/\/higiene.edu.uy\/medicina-preventiva\/extension\/","title":{"rendered":"Extensi\u00f3n"},"content":{"rendered":"\t\t<div data-elementor-type=\"wp-page\" data-elementor-id=\"8333\" class=\"elementor elementor-8333\">\n\t\t\t\t\t\t<section class=\"elementor-section elementor-top-section elementor-element elementor-element-dab5e48 elementor-section-full_width elementor-section-stretched elementor-section-height-default elementor-section-height-default\" data-id=\"dab5e48\" data-element_type=\"section\" data-settings=\"{&quot;background_background&quot;:&quot;classic&quot;,&quot;stretch_section&quot;:&quot;section-stretched&quot;}\">\n\t\t\t\t\t\t<div class=\"elementor-container elementor-column-gap-default\">\n\t\t\t\t\t<div class=\"elementor-column elementor-col-100 elementor-top-column elementor-element elementor-element-4a1c5e1\" data-id=\"4a1c5e1\" data-element_type=\"column\">\n\t\t\t<div class=\"elementor-widget-wrap elementor-element-populated\">\n\t\t\t\t\t\t<div class=\"elementor-element elementor-element-167a430 edubin-nav-menu-breakpoint-big-tablet elementor-widget elementor-widget-edubin-header-menu\" data-id=\"167a430\" data-element_type=\"widget\" data-widget_type=\"edubin-header-menu.default\">\n\t\t\t\t<div class=\"elementor-widget-container\">\n\t\t\t\t\t<div class=\"edubin-nav-menu-wrapper edubin-header-area edubin-navbar-expand-lg edubin-elementor-nav-menu-wrapper\"><nav class=\"main-navigation edubin-navbar-collapse edubin-elementor-nav\"><ul id=\"menu-1-167a430\" class=\"edubin-navbar-nav edubin-navbar-right nav-menu edubin-nav-ul-wrapper\"><li itemscope=\"itemscope\" itemtype=\"https:\/\/www.schema.org\/SiteNavigationElement\" id=\"menu-item-8659\" class=\"menu-item menu-item-type-custom menu-item-object-custom nav-item menu-item-8659\"><a class=\"nav-link\" href=\"\/medicina-preventiva\/\">Inicio<\/a><\/li>\n<li itemscope=\"itemscope\" itemtype=\"https:\/\/www.schema.org\/SiteNavigationElement\" id=\"menu-item-8319\" class=\"menu-item menu-item-type-custom menu-item-object-custom nav-item menu-item-8319\"><a class=\"nav-link\" href=\"\/medicina-preventiva\/integrantes\">Integrantes<\/a><\/li>\n<li itemscope=\"itemscope\" itemtype=\"https:\/\/www.schema.org\/SiteNavigationElement\" id=\"menu-item-8585\" class=\"menu-item menu-item-type-custom menu-item-object-custom nav-item menu-item-8585\"><a class=\"nav-link\" href=\"\/medicina-preventiva\/cursos\">Cursos<\/a><\/li>\n<li itemscope=\"itemscope\" itemtype=\"https:\/\/www.schema.org\/SiteNavigationElement\" id=\"menu-item-8586\" class=\"menu-item menu-item-type-custom menu-item-object-custom nav-item menu-item-8586\"><a class=\"nav-link\" href=\"\/medicina-preventiva\/lineas-de-investigacion\">L\u00edneas de Investigaci\u00f3n<\/a><\/li>\n<li itemscope=\"itemscope\" itemtype=\"https:\/\/www.schema.org\/SiteNavigationElement\" id=\"menu-item-8644\" class=\"menu-item menu-item-type-custom menu-item-object-custom nav-item menu-item-8644\"><a class=\"nav-link\" href=\"\/medicina-preventiva\/proyectos\">Proyectos<\/a><\/li>\n<li itemscope=\"itemscope\" itemtype=\"https:\/\/www.schema.org\/SiteNavigationElement\" id=\"menu-item-8582\" class=\"menu-item menu-item-type-custom menu-item-object-custom nav-item menu-item-8582\"><a class=\"nav-link\" href=\"\/medicina-preventiva\/produccion-cientifica\">Producci\u00f3n cient\u00edfica<\/a><\/li>\n<li itemscope=\"itemscope\" itemtype=\"https:\/\/www.schema.org\/SiteNavigationElement\" id=\"menu-item-8583\" class=\"menu-item menu-item-type-custom menu-item-object-custom nav-item menu-item-8583\"><a class=\"nav-link\" href=\"\/medicina-preventiva\/extension\">Extensi\u00f3n<\/a><\/li>\n<li itemscope=\"itemscope\" itemtype=\"https:\/\/www.schema.org\/SiteNavigationElement\" id=\"menu-item-8581\" class=\"menu-item menu-item-type-custom menu-item-object-custom nav-item menu-item-8581\"><a class=\"nav-link\" href=\"\/medicina-preventiva\/links-de-interes\">Links de inter\u00e9s<\/a><\/li>\n<\/ul><\/nav><div class=\"edubin-default-header-mobile-navbar edubin-mobile-menu\"><div class=\"edubin-elementor-mobile-menu-overlay\"><\/div><div class=\"edubin-elementor-mobile-hamburger-menu\"><a href=\"javascript:void(0);\"><svg xmlns=\"http:\/\/www.w3.org\/2000\/svg\" xmlns:xlink=\"http:\/\/www.w3.org\/1999\/xlink\" id=\"Capa_1\" x=\"0px\" y=\"0px\" viewBox=\"0 0 448 512\" style=\"enable-background:new 0 0 448 512;\" xml:space=\"preserve\"><style type=\"text\/css\">\t.st0{fill:#FFFFFF;}<\/style><path class=\"st0\" d=\"M0,96c0-17.7,14.3-32,32-32h384c17.7,0,32,14.3,32,32s-14.3,32-32,32H32C14.3,128,0,113.7,0,96z M0,256 c0-17.7,14.3-32,32-32h384c17.7,0,32,14.3,32,32s-14.3,32-32,32H32C14.3,288,0,273.7,0,256z M448,416c0,17.7-14.3,32-32,32H32 c-17.7,0-32-14.3-32-32s14.3-32,32-32h384C433.7,384,448,398.3,448,416z\"><\/path><\/svg><\/a><\/div><div class=\"edubin-mobile-menu-nav-wrapper edubin-elementor-mobile-menu-nav-wrapper\"><div class=\"edubin-elementor-mobile-menu-close\"><a href=\"javascript:void(0);\"><i aria-hidden=\"true\" class=\"flaticon-cancel\"><\/i><\/a><\/div><ul id=\"edubin-elementor-mobile-menu-item\" class=\"edubin-elementor-mobile-menu-item\"><li itemscope=\"itemscope\" itemtype=\"https:\/\/www.schema.org\/SiteNavigationElement\" class=\"menu-item menu-item-type-custom menu-item-object-custom nav-item menu-item-8659\"><a class=\"nav-link\" href=\"\/medicina-preventiva\/\">Inicio<\/a><\/li>\n<li itemscope=\"itemscope\" itemtype=\"https:\/\/www.schema.org\/SiteNavigationElement\" class=\"menu-item menu-item-type-custom menu-item-object-custom nav-item menu-item-8319\"><a class=\"nav-link\" href=\"\/medicina-preventiva\/integrantes\">Integrantes<\/a><\/li>\n<li itemscope=\"itemscope\" itemtype=\"https:\/\/www.schema.org\/SiteNavigationElement\" class=\"menu-item menu-item-type-custom menu-item-object-custom nav-item menu-item-8585\"><a class=\"nav-link\" href=\"\/medicina-preventiva\/cursos\">Cursos<\/a><\/li>\n<li itemscope=\"itemscope\" itemtype=\"https:\/\/www.schema.org\/SiteNavigationElement\" class=\"menu-item menu-item-type-custom menu-item-object-custom nav-item menu-item-8586\"><a class=\"nav-link\" href=\"\/medicina-preventiva\/lineas-de-investigacion\">L\u00edneas de Investigaci\u00f3n<\/a><\/li>\n<li itemscope=\"itemscope\" itemtype=\"https:\/\/www.schema.org\/SiteNavigationElement\" class=\"menu-item menu-item-type-custom menu-item-object-custom nav-item menu-item-8644\"><a class=\"nav-link\" href=\"\/medicina-preventiva\/proyectos\">Proyectos<\/a><\/li>\n<li itemscope=\"itemscope\" itemtype=\"https:\/\/www.schema.org\/SiteNavigationElement\" class=\"menu-item menu-item-type-custom menu-item-object-custom nav-item menu-item-8582\"><a class=\"nav-link\" href=\"\/medicina-preventiva\/produccion-cientifica\">Producci\u00f3n cient\u00edfica<\/a><\/li>\n<li itemscope=\"itemscope\" itemtype=\"https:\/\/www.schema.org\/SiteNavigationElement\" class=\"menu-item menu-item-type-custom menu-item-object-custom nav-item menu-item-8583\"><a class=\"nav-link\" href=\"\/medicina-preventiva\/extension\">Extensi\u00f3n<\/a><\/li>\n<li itemscope=\"itemscope\" itemtype=\"https:\/\/www.schema.org\/SiteNavigationElement\" class=\"menu-item menu-item-type-custom menu-item-object-custom nav-item menu-item-8581\"><a class=\"nav-link\" href=\"\/medicina-preventiva\/links-de-interes\">Links de inter\u00e9s<\/a><\/li>\n<\/ul><\/div><\/div><\/div>\t\t\t\t<\/div>\n\t\t\t\t<\/div>\n\t\t\t\t\t<\/div>\n\t\t<\/div>\n\t\t\t\t\t<\/div>\n\t\t<\/section>\n\t\t\t\t<section class=\"elementor-section elementor-top-section elementor-element elementor-element-f01b080 elementor-section-boxed elementor-section-height-default elementor-section-height-default\" data-id=\"f01b080\" data-element_type=\"section\">\n\t\t\t\t\t\t<div class=\"elementor-container elementor-column-gap-default\">\n\t\t\t\t\t<div class=\"elementor-column elementor-col-100 elementor-top-column elementor-element elementor-element-4b61745\" data-id=\"4b61745\" data-element_type=\"column\">\n\t\t\t<div class=\"elementor-widget-wrap elementor-element-populated\">\n\t\t\t\t\t\t<div class=\"elementor-element elementor-element-4e52c29 elementor-widget elementor-widget-spacer\" data-id=\"4e52c29\" data-element_type=\"widget\" data-widget_type=\"spacer.default\">\n\t\t\t\t<div class=\"elementor-widget-container\">\n\t\t\t\t\t\t\t<div class=\"elementor-spacer\">\n\t\t\t<div class=\"elementor-spacer-inner\"><\/div>\n\t\t<\/div>\n\t\t\t\t\t\t<\/div>\n\t\t\t\t<\/div>\n\t\t\t\t\t<\/div>\n\t\t<\/div>\n\t\t\t\t\t<\/div>\n\t\t<\/section>\n\t\t\t\t<section class=\"elementor-section elementor-top-section elementor-element elementor-element-daf6a34 elementor-section-boxed elementor-section-height-default elementor-section-height-default\" data-id=\"daf6a34\" data-element_type=\"section\">\n\t\t\t\t\t\t<div class=\"elementor-container elementor-column-gap-default\">\n\t\t\t\t\t<div class=\"elementor-column elementor-col-100 elementor-top-column elementor-element elementor-element-6652ff0\" data-id=\"6652ff0\" data-element_type=\"column\">\n\t\t\t<div class=\"elementor-widget-wrap elementor-element-populated\">\n\t\t\t\t\t\t<div class=\"elementor-element elementor-element-91015a5 elementor-widget elementor-widget-custom-title-addons\" data-id=\"91015a5\" data-element_type=\"widget\" data-widget_type=\"custom-title-addons.default\">\n\t\t\t\t<div class=\"elementor-widget-container\">\n\t\t\t\t\t<div class=\"tpc-double_heading\"><div class=\"dbl__subtitle\"><span>EXTENSI\u00d3N<\/span><\/div><h3 class=\"dbl__title-wrapper\"><span class=\"dbl__title dbl-title_1\">Unidad Acad\u00e9mica de Medicina Preventiva y Social<\/span><\/h3><\/div>\t\t\t\t<\/div>\n\t\t\t\t<\/div>\n\t\t\t\t\t<\/div>\n\t\t<\/div>\n\t\t\t\t\t<\/div>\n\t\t<\/section>\n\t\t\t\t<section class=\"elementor-section elementor-top-section elementor-element elementor-element-0f39393 elementor-section-boxed elementor-section-height-default elementor-section-height-default\" data-id=\"0f39393\" data-element_type=\"section\">\n\t\t\t\t\t\t<div class=\"elementor-container elementor-column-gap-default\">\n\t\t\t\t\t<div class=\"elementor-column elementor-col-100 elementor-top-column elementor-element elementor-element-f1fd522\" data-id=\"f1fd522\" data-element_type=\"column\">\n\t\t\t<div class=\"elementor-widget-wrap elementor-element-populated\">\n\t\t\t\t\t\t<div class=\"elementor-element elementor-element-19c5ba2 elementor-widget elementor-widget-heading\" data-id=\"19c5ba2\" data-element_type=\"widget\" data-widget_type=\"heading.default\">\n\t\t\t\t<div class=\"elementor-widget-container\">\n\t\t\t\t\t<h4 class=\"elementor-heading-title elementor-size-default\">L\u00cdNEAS DE TRABAJO<\/h4>\t\t\t\t<\/div>\n\t\t\t\t<\/div>\n\t\t\t\t\t<\/div>\n\t\t<\/div>\n\t\t\t\t\t<\/div>\n\t\t<\/section>\n\t\t\t\t<section class=\"elementor-section elementor-top-section elementor-element elementor-element-645943a elementor-section-boxed elementor-section-height-default elementor-section-height-default\" data-id=\"645943a\" data-element_type=\"section\">\n\t\t\t\t\t\t<div class=\"elementor-container elementor-column-gap-default\">\n\t\t\t\t\t<div class=\"elementor-column elementor-col-100 elementor-top-column elementor-element elementor-element-3a0703a\" data-id=\"3a0703a\" data-element_type=\"column\">\n\t\t\t<div class=\"elementor-widget-wrap elementor-element-populated\">\n\t\t\t\t\t\t<div class=\"elementor-element elementor-element-55852ae elementor-widget elementor-widget-heading\" data-id=\"55852ae\" data-element_type=\"widget\" data-widget_type=\"heading.default\">\n\t\t\t\t<div class=\"elementor-widget-container\">\n\t\t\t\t\t<h5 class=\"elementor-heading-title elementor-size-default\">Salud, Ambiente y Sociedad\n<\/h5>\t\t\t\t<\/div>\n\t\t\t\t<\/div>\n\t\t\t\t\t<\/div>\n\t\t<\/div>\n\t\t\t\t\t<\/div>\n\t\t<\/section>\n\t\t\t\t<section class=\"elementor-section elementor-top-section elementor-element elementor-element-c214af3 elementor-section-boxed elementor-section-height-default elementor-section-height-default\" data-id=\"c214af3\" data-element_type=\"section\">\n\t\t\t\t\t\t<div class=\"elementor-container elementor-column-gap-default\">\n\t\t\t\t\t<div class=\"elementor-column elementor-col-100 elementor-top-column elementor-element elementor-element-afa10f4\" data-id=\"afa10f4\" data-element_type=\"column\">\n\t\t\t<div class=\"elementor-widget-wrap elementor-element-populated\">\n\t\t\t\t\t\t<div class=\"elementor-element elementor-element-2d8ae89 elementor-widget elementor-widget-text-editor\" data-id=\"2d8ae89\" data-element_type=\"widget\" data-widget_type=\"text-editor.default\">\n\t\t\t\t<div class=\"elementor-widget-container\">\n\t\t\t\t\t\t\t\t\t<p><span style=\"font-weight: 400\">Desde una perspectiva de extensi\u00f3n cr\u00edtica se promueve la generaci\u00f3n de conocimientos y la vinculaci\u00f3n Universidad-Entorno a partir de una visi\u00f3n hol\u00edstica y sist\u00e9mica de las relaciones ambientales y humanas como generadoras de condiciones para la salud. Se promueven espacios de trabajo colaborativos, comunitarios e interdisciplinarios orientados a reflexionar cr\u00edticamente sobre los intereses y problem\u00e1ticas que afectan a comunidades concretas en relaci\u00f3n a procesos que relacionan salud, ambiente y territorio.<\/span><\/p>\t\t\t\t\t\t\t\t<\/div>\n\t\t\t\t<\/div>\n\t\t\t\t\t<\/div>\n\t\t<\/div>\n\t\t\t\t\t<\/div>\n\t\t<\/section>\n\t\t\t\t<section class=\"elementor-section elementor-top-section elementor-element elementor-element-aa1ceb9 elementor-section-boxed elementor-section-height-default elementor-section-height-default\" data-id=\"aa1ceb9\" data-element_type=\"section\">\n\t\t\t\t\t\t<div class=\"elementor-container elementor-column-gap-default\">\n\t\t\t\t\t<div class=\"elementor-column elementor-col-100 elementor-top-column elementor-element elementor-element-d821701\" data-id=\"d821701\" data-element_type=\"column\">\n\t\t\t<div class=\"elementor-widget-wrap elementor-element-populated\">\n\t\t\t\t\t\t<div class=\"elementor-element elementor-element-b46af58 elementor-widget elementor-widget-heading\" data-id=\"b46af58\" data-element_type=\"widget\" data-widget_type=\"heading.default\">\n\t\t\t\t<div class=\"elementor-widget-container\">\n\t\t\t\t\t<h5 class=\"elementor-heading-title elementor-size-default\">Alfabetizaci\u00f3n en Salud y Ciencia\n<\/h5>\t\t\t\t<\/div>\n\t\t\t\t<\/div>\n\t\t\t\t\t<\/div>\n\t\t<\/div>\n\t\t\t\t\t<\/div>\n\t\t<\/section>\n\t\t\t\t<section class=\"elementor-section elementor-top-section elementor-element elementor-element-09019e3 elementor-section-boxed elementor-section-height-default elementor-section-height-default\" data-id=\"09019e3\" data-element_type=\"section\">\n\t\t\t\t\t\t<div class=\"elementor-container elementor-column-gap-default\">\n\t\t\t\t\t<div class=\"elementor-column elementor-col-100 elementor-top-column elementor-element elementor-element-3a54eb0\" data-id=\"3a54eb0\" data-element_type=\"column\">\n\t\t\t<div class=\"elementor-widget-wrap elementor-element-populated\">\n\t\t\t\t\t\t<div class=\"elementor-element elementor-element-c5929be elementor-widget elementor-widget-text-editor\" data-id=\"c5929be\" data-element_type=\"widget\" data-widget_type=\"text-editor.default\">\n\t\t\t\t<div class=\"elementor-widget-container\">\n\t\t\t\t\t\t\t\t\t<p><span style=\"font-weight: 400\">Es un proyecto de extensi\u00f3n universitaria interinstitucional del instituto de Higiene. Se busca fomentar la cultura cient\u00edfica y mejorar los conocimientos sobre salud en ni\u00f1os, ni\u00f1as y adolescentes, a trav\u00e9s de talleres l\u00fadicos y actividades de divulgaci\u00f3n, en el marco del enfoque de \u00abUna Salud\u00bb, en escuelas de Montevideo y \u00e1rea metropolitana. Las actividades se centran en la prevenci\u00f3n de enfermedades y en la promoci\u00f3n de la salud, a partir de abordar la interconexi\u00f3n entre la salud humana, animal y ambiental. Las actividades fueron coordinadas por las Unidades Acad\u00e9micas de Medicina Preventiva y Social y Unidad de Extensi\u00f3n de la Facultad de Medicina. Participaron\u00a0 las Unidades Acad\u00e9micas de Biolog\u00eda Parasitaria, Bacteriolog\u00eda y Virolog\u00eda, Parasitolog\u00eda y Micolog\u00eda, Biotecnolog\u00eda e Inmunolog\u00eda.\u00a0<\/span><\/p><p><span style=\"font-weight: 400\">Librito de cuento alfabetizaci\u00f3n en salud y ciencia.<\/span><\/p>\t\t\t\t\t\t\t\t<\/div>\n\t\t\t\t<\/div>\n\t\t\t\t\t<\/div>\n\t\t<\/div>\n\t\t\t\t\t<\/div>\n\t\t<\/section>\n\t\t\t\t<section class=\"elementor-section elementor-top-section elementor-element elementor-element-f8e0d70 elementor-section-boxed elementor-section-height-default elementor-section-height-default\" data-id=\"f8e0d70\" data-element_type=\"section\">\n\t\t\t\t\t\t<div class=\"elementor-container elementor-column-gap-default\">\n\t\t\t\t\t<div class=\"elementor-column elementor-col-100 elementor-top-column elementor-element elementor-element-2d6f833\" data-id=\"2d6f833\" data-element_type=\"column\">\n\t\t\t<div class=\"elementor-widget-wrap elementor-element-populated\">\n\t\t\t\t\t\t<div class=\"elementor-element elementor-element-2147e9e elementor-widget elementor-widget-heading\" data-id=\"2147e9e\" data-element_type=\"widget\" data-widget_type=\"heading.default\">\n\t\t\t\t<div class=\"elementor-widget-container\">\n\t\t\t\t\t<h4 class=\"elementor-heading-title elementor-size-default\">PROYECTOS<\/h4>\t\t\t\t<\/div>\n\t\t\t\t<\/div>\n\t\t\t\t\t<\/div>\n\t\t<\/div>\n\t\t\t\t\t<\/div>\n\t\t<\/section>\n\t\t\t\t<section class=\"elementor-section elementor-top-section elementor-element elementor-element-5cd5c2e elementor-section-boxed elementor-section-height-default elementor-section-height-default\" data-id=\"5cd5c2e\" data-element_type=\"section\">\n\t\t\t\t\t\t<div class=\"elementor-container elementor-column-gap-default\">\n\t\t\t\t\t<div class=\"elementor-column elementor-col-100 elementor-top-column elementor-element elementor-element-68cec07\" data-id=\"68cec07\" data-element_type=\"column\">\n\t\t\t<div class=\"elementor-widget-wrap elementor-element-populated\">\n\t\t\t\t\t\t<div class=\"elementor-element elementor-element-9ebb9b5 elementor-widget elementor-widget-heading\" data-id=\"9ebb9b5\" data-element_type=\"widget\" data-widget_type=\"heading.default\">\n\t\t\t\t<div class=\"elementor-widget-container\">\n\t\t\t\t\t<h5 class=\"elementor-heading-title elementor-size-default\">Proyectos financiados<\/h5>\t\t\t\t<\/div>\n\t\t\t\t<\/div>\n\t\t\t\t\t<\/div>\n\t\t<\/div>\n\t\t\t\t\t<\/div>\n\t\t<\/section>\n\t\t\t\t<section class=\"elementor-section elementor-top-section elementor-element elementor-element-70056f1 elementor-section-boxed elementor-section-height-default elementor-section-height-default\" data-id=\"70056f1\" data-element_type=\"section\">\n\t\t\t\t\t\t<div class=\"elementor-container elementor-column-gap-default\">\n\t\t\t\t\t<div class=\"elementor-column elementor-col-100 elementor-top-column elementor-element elementor-element-85fa179\" data-id=\"85fa179\" data-element_type=\"column\">\n\t\t\t<div class=\"elementor-widget-wrap elementor-element-populated\">\n\t\t\t\t\t\t<div class=\"elementor-element elementor-element-f097940 elementor-widget elementor-widget-text-editor\" data-id=\"f097940\" data-element_type=\"widget\" data-widget_type=\"text-editor.default\">\n\t\t\t\t<div class=\"elementor-widget-container\">\n\t\t\t\t\t\t\t\t\t<p><b>T\u00edtulo: <\/b><span style=\"font-weight: 400\">Mapeo participativo socio-ambiental, Colonia Valdense.<\/span><b> Integrantes:<\/b><span style=\"font-weight: 400\"> Castellano, Graciela (responsable); Barrero, Gabriel; Machado, Silvana y Pereyra Ceretta, Valentina. Apoyo a Actividades en el Medio 2019-2020, CSEAM. <\/span><b>Resumen:<\/b><span style=\"font-weight: 400\"> La actividad busca co-construir demandas sobre salud ambiental y humana con actores locales de Colonia Valdense y un equipo multidisciplinario. Se pretende generar un espacio de trabajo comunitario, colaborativo e interdisciplinario. Como acci\u00f3n espec\u00edfica, se realizar\u00e1 un mapeo inicial de actores, problemas y posibles alternativas.<\/span><\/p><p><b>T\u00edtulo: <\/b><span style=\"font-weight: 400\">Promoci\u00f3n de la salud integral en la regi\u00f3n sureste del departamento de Colonia en el marco de la emergencia por Covid-19.<\/span><b> Integrantes: <\/b><span style=\"font-weight: 400\">Castellano, Graciela (corresponsable); Barrero, Gabriel (corresponsable); Machado, Silvana; Pereyra Ceretta, Valentina y S\u00e1nchez Toniotti, Federico<\/span><b>. <\/b><span style=\"font-weight: 400\">Llamado a Actividades en el Medio para atender la Emergencia Social y Sanitaria 2020; CSEAM. <\/span><b>Resumen: <\/b><span style=\"font-weight: 400\">Durante la pandemia de COVID-19, en el sureste de Colonia surgieron acciones colectivas para mitigar sus impactos, especialmente en los sectores vulnerables. Un equipo interdisciplinario de la Udelar y el Centro Emmanuel promueve la salud integral combinando saberes cient\u00edficos y populares. La iniciativa fortalece pr\u00e1cticas alimentarias saludables, el autocuidado y la salud ambiental mediante talleres comunitarios.<\/span><\/p><p><b>T\u00edtulo: <\/b><span style=\"font-weight: 400\">Desarrollo y fortalecimiento de una red agroalimentaria en la regi\u00f3n sureste del Departamento de Colonia en el marco de la emergencia por Covid-19<\/span><b>. Integrantes: <\/b><span style=\"font-weight: 400\">Castellano, Graciela (corresponsable); Barrero, Gabriel (corresponsable); Machado, Silvana; Pereyra Ceretta, Valentina y S\u00e1nchez Toniotti, Federico<\/span><b>. <\/b><span style=\"font-weight: 400\">Proyectos de Extensi\u00f3n para atender la Emergencia Social ante el COVID 19 (2020-2021), CSEAM. <\/span><b>Resumen:<\/b><span style=\"font-weight: 400\"> El proyecto busca desarrollar y fortalecer una red agroalimentaria en el sureste de Colonia para mitigar los efectos sociales, econ\u00f3micos y alimentarios de la pandemia. Las acciones se realizan en conjunto entre un equipo interdisciplinario de la Udelar y el Centro Emmanuel. La propuesta integra saberes de salud y producci\u00f3n de alimentos desde enfoques de Ecosalud, promoci\u00f3n de la salud y agroecolog\u00eda.<\/span><\/p><p><b>T\u00edtulo: <\/b><span style=\"font-weight: 400\">Red Agroalimentaria en la regi\u00f3n sureste del departamento de Colonia, 2023. <\/span><b>Integrantes: <\/b><span style=\"font-weight: 400\">Castellano, Graciela (corresponsable); Barrero, Gabriel (corresponsable); Machado, Silvana; Pereyra Ceretta, Valentina; Aguirrezabal, Patricia; S\u00e1nchez Toniotti, Federico y Tambasco, Victoria.<\/span> <span style=\"font-weight: 400\">Proyectos de Desarrollo de la Extensi\u00f3n Universitaria 2022-2023, CSEAM. <\/span><b>Resumen: <\/b><span style=\"font-weight: 400\">Desde 2019, el equipo interdisciplinario de la Udelar \u201cSalud, Ambiente y Sociedad\u201d trabaja con organizaciones locales en Colonia abordando problem\u00e1ticas sociales y ambientales. Durante la pandemia se cre\u00f3 una Red Agroalimentaria en tres nodos del sureste del departamento, integrando saberes acad\u00e9micos y populares. En 2023 se busca fortalecer la red mediante intercambio de saberes, Observatorios Socioambientales y reflexi\u00f3n cr\u00edtica sobre la experiencia extensionista.<\/span><\/p>\t\t\t\t\t\t\t\t<\/div>\n\t\t\t\t<\/div>\n\t\t\t\t\t<\/div>\n\t\t<\/div>\n\t\t\t\t\t<\/div>\n\t\t<\/section>\n\t\t\t\t<section class=\"elementor-section elementor-top-section elementor-element elementor-element-f1c754b elementor-section-boxed elementor-section-height-default elementor-section-height-default\" data-id=\"f1c754b\" data-element_type=\"section\">\n\t\t\t\t\t\t<div class=\"elementor-container elementor-column-gap-default\">\n\t\t\t\t\t<div class=\"elementor-column elementor-col-100 elementor-top-column elementor-element elementor-element-67468ff\" data-id=\"67468ff\" data-element_type=\"column\">\n\t\t\t<div class=\"elementor-widget-wrap elementor-element-populated\">\n\t\t\t\t\t\t<div class=\"elementor-element elementor-element-b8bdac5 elementor-widget elementor-widget-heading\" data-id=\"b8bdac5\" data-element_type=\"widget\" data-widget_type=\"heading.default\">\n\t\t\t\t<div class=\"elementor-widget-container\">\n\t\t\t\t\t<h5 class=\"elementor-heading-title elementor-size-default\">Proyectos aprobados no financiados<\/h5>\t\t\t\t<\/div>\n\t\t\t\t<\/div>\n\t\t\t\t\t<\/div>\n\t\t<\/div>\n\t\t\t\t\t<\/div>\n\t\t<\/section>\n\t\t\t\t<section class=\"elementor-section elementor-top-section elementor-element elementor-element-da0ef5d elementor-section-boxed elementor-section-height-default elementor-section-height-default\" data-id=\"da0ef5d\" data-element_type=\"section\">\n\t\t\t\t\t\t<div class=\"elementor-container elementor-column-gap-default\">\n\t\t\t\t\t<div class=\"elementor-column elementor-col-100 elementor-top-column elementor-element elementor-element-e6cfd78\" data-id=\"e6cfd78\" data-element_type=\"column\">\n\t\t\t<div class=\"elementor-widget-wrap elementor-element-populated\">\n\t\t\t\t\t\t<div class=\"elementor-element elementor-element-806ca77 elementor-widget elementor-widget-text-editor\" data-id=\"806ca77\" data-element_type=\"widget\" data-widget_type=\"text-editor.default\">\n\t\t\t\t<div class=\"elementor-widget-container\">\n\t\t\t\t\t\t\t\t\t<p><b>T\u00edtulo:<\/b><span style=\"font-weight: 400\"> Observatorios socioambientales en comunidades educativas de Colonia y Soriano: Una herramienta participativa para la promoci\u00f3n de la salud cr\u00edtica y el afrontamiento al cambio clim\u00e1tico. <\/span><b>Integrantes: <\/b><span style=\"font-weight: 400\">Castellano, Graciela (responsable); Aguirrezabal, Patricia; Machado, Silvana; Barrero, Gabriel y Pereyra Ceretta, Valentina. Proyectos de Desarrollo de la Extensi\u00f3n Universitaria 2024 -2025, CSEAM. <\/span><b>Resumen: <\/b><span style=\"font-weight: 400\">El proyecto busca crear observatorios socioambientales en escuelas rurales de Colonia y Soriano durante 2025, promoviendo salud cr\u00edtica y estrategias colectivas frente al cambio clim\u00e1tico. Integra saberes populares y cient\u00edficos desde enfoques de Ecosalud, promoci\u00f3n de la salud y agroecolog\u00eda. Participan comunidades educativas y disciplinas universitarias diversas en un proceso de construcci\u00f3n colectiva.<\/span><\/p>\t\t\t\t\t\t\t\t<\/div>\n\t\t\t\t<\/div>\n\t\t\t\t\t<\/div>\n\t\t<\/div>\n\t\t\t\t\t<\/div>\n\t\t<\/section>\n\t\t\t\t<section class=\"elementor-section elementor-top-section elementor-element elementor-element-2ad2a59 elementor-section-boxed elementor-section-height-default elementor-section-height-default\" data-id=\"2ad2a59\" data-element_type=\"section\">\n\t\t\t\t\t\t<div class=\"elementor-container elementor-column-gap-default\">\n\t\t\t\t\t<div class=\"elementor-column elementor-col-100 elementor-top-column elementor-element elementor-element-509239a\" data-id=\"509239a\" data-element_type=\"column\">\n\t\t\t<div class=\"elementor-widget-wrap elementor-element-populated\">\n\t\t\t\t\t\t<div class=\"elementor-element elementor-element-68fcee2 elementor-widget elementor-widget-heading\" data-id=\"68fcee2\" data-element_type=\"widget\" data-widget_type=\"heading.default\">\n\t\t\t\t<div class=\"elementor-widget-container\">\n\t\t\t\t\t<h4 class=\"elementor-heading-title elementor-size-default\">PRODUCCI\u00d3N ACAD\u00c9MICA<\/h4>\t\t\t\t<\/div>\n\t\t\t\t<\/div>\n\t\t\t\t\t<\/div>\n\t\t<\/div>\n\t\t\t\t\t<\/div>\n\t\t<\/section>\n\t\t\t\t<section class=\"elementor-section elementor-top-section elementor-element elementor-element-c7eda55 elementor-section-boxed elementor-section-height-default elementor-section-height-default\" data-id=\"c7eda55\" data-element_type=\"section\">\n\t\t\t\t\t\t<div class=\"elementor-container elementor-column-gap-default\">\n\t\t\t\t\t<div class=\"elementor-column elementor-col-100 elementor-top-column elementor-element elementor-element-76dcfe4\" data-id=\"76dcfe4\" data-element_type=\"column\">\n\t\t\t<div class=\"elementor-widget-wrap elementor-element-populated\">\n\t\t\t\t\t\t<div class=\"elementor-element elementor-element-9e639a5 elementor-widget elementor-widget-heading\" data-id=\"9e639a5\" data-element_type=\"widget\" data-widget_type=\"heading.default\">\n\t\t\t\t<div class=\"elementor-widget-container\">\n\t\t\t\t\t<h5 class=\"elementor-heading-title elementor-size-default\">Art\u00edculos publicados en revistas arbitradas<\/h5>\t\t\t\t<\/div>\n\t\t\t\t<\/div>\n\t\t\t\t\t<\/div>\n\t\t<\/div>\n\t\t\t\t\t<\/div>\n\t\t<\/section>\n\t\t\t\t<section class=\"elementor-section elementor-top-section elementor-element elementor-element-fb5de89 elementor-section-boxed elementor-section-height-default elementor-section-height-default\" data-id=\"fb5de89\" data-element_type=\"section\">\n\t\t\t\t\t\t<div class=\"elementor-container elementor-column-gap-default\">\n\t\t\t\t\t<div class=\"elementor-column elementor-col-100 elementor-top-column elementor-element elementor-element-7390c4a\" data-id=\"7390c4a\" data-element_type=\"column\">\n\t\t\t<div class=\"elementor-widget-wrap elementor-element-populated\">\n\t\t\t\t\t\t<div class=\"elementor-element elementor-element-4e31eb8 elementor-widget elementor-widget-text-editor\" data-id=\"4e31eb8\" data-element_type=\"widget\" data-widget_type=\"text-editor.default\">\n\t\t\t\t<div class=\"elementor-widget-container\">\n\t\t\t\t\t\t\t\t\t<p><span style=\"font-weight: 400\">Castellano, G., Barrero, G., Pereyra, V., Machado, S., Arbelo, C. y Gadola, L. (2021) Experiencia comunitaria en la Policl\u00ednica de San Antonio, Canelones, Uruguay: Algo m\u00e1s que una huerta. <\/span><i><span style=\"font-weight: 400\">Revista Chilena de Salud P\u00fablica (RChS<\/span><\/i><span style=\"font-weight: 400\">P), 25(1), 86-95. <\/span><a href=\"https:\/\/revistasaludpublica.uchile.cl\/index.php\/RCSP\/article\/view\/65186\/68531\"><span style=\"font-weight: 400\">https:\/\/revistasaludpublica.uchile.cl\/index.php\/RCSP\/article\/view\/65186\/68531<\/span><\/a><\/p><p><span style=\"font-weight: 400\">Barrero, G; Castellano, G., Machado, S., Pereyra, V., S\u00e1nchez, F. (2025). Red agroalimentaria en el sureste de Colonia, Uruguay, 2021-2022. <\/span><i><span style=\"font-weight: 400\">Revista EXT Universidad Nacional de C\u00f3rdoba<\/span><\/i><span style=\"font-weight: 400\">, (17). <\/span><a href=\"https:\/\/revistas.unc.edu.ar\/index.php\/ext\/article\/view\/47769\"><span style=\"font-weight: 400\">https:\/\/revistas.unc.edu.ar\/index.php\/ext\/article\/view\/47769<\/span><\/a><\/p>\t\t\t\t\t\t\t\t<\/div>\n\t\t\t\t<\/div>\n\t\t\t\t\t<\/div>\n\t\t<\/div>\n\t\t\t\t\t<\/div>\n\t\t<\/section>\n\t\t\t\t<section class=\"elementor-section elementor-top-section elementor-element elementor-element-e8a9f1b elementor-section-boxed elementor-section-height-default elementor-section-height-default\" data-id=\"e8a9f1b\" data-element_type=\"section\">\n\t\t\t\t\t\t<div class=\"elementor-container elementor-column-gap-default\">\n\t\t\t\t\t<div class=\"elementor-column elementor-col-100 elementor-top-column elementor-element elementor-element-333926d\" data-id=\"333926d\" data-element_type=\"column\">\n\t\t\t<div class=\"elementor-widget-wrap elementor-element-populated\">\n\t\t\t\t\t\t<div class=\"elementor-element elementor-element-4de00b2 elementor-widget elementor-widget-heading\" data-id=\"4de00b2\" data-element_type=\"widget\" data-widget_type=\"heading.default\">\n\t\t\t\t<div class=\"elementor-widget-container\">\n\t\t\t\t\t<h5 class=\"elementor-heading-title elementor-size-default\">Res\u00famenes en congresos y jornadas<\/h5>\t\t\t\t<\/div>\n\t\t\t\t<\/div>\n\t\t\t\t\t<\/div>\n\t\t<\/div>\n\t\t\t\t\t<\/div>\n\t\t<\/section>\n\t\t\t\t<section class=\"elementor-section elementor-top-section elementor-element elementor-element-cd9ce92 elementor-section-boxed elementor-section-height-default elementor-section-height-default\" data-id=\"cd9ce92\" data-element_type=\"section\">\n\t\t\t\t\t\t<div class=\"elementor-container elementor-column-gap-default\">\n\t\t\t\t\t<div class=\"elementor-column elementor-col-100 elementor-top-column elementor-element elementor-element-a2c2c80\" data-id=\"a2c2c80\" data-element_type=\"column\">\n\t\t\t<div class=\"elementor-widget-wrap elementor-element-populated\">\n\t\t\t\t\t\t<div class=\"elementor-element elementor-element-c0a0215 elementor-widget elementor-widget-text-editor\" data-id=\"c0a0215\" data-element_type=\"widget\" data-widget_type=\"text-editor.default\">\n\t\t\t\t<div class=\"elementor-widget-container\">\n\t\t\t\t\t\t\t\t\t<p><span style=\"font-weight: 400\">Castellano, G., Barrero, G., Machado, S., Pereyra V., Arbelo, C., Gadola, L., y Bianchix, A. (27-29 de junio de 2019). Experiencia comunitaria en la localidad de San Antonio, Canelones. II Jornadas de Extensi\u00f3n e Integralidad de Facultad de Medicina (Udelar), Uruguay (pp. 84-87).\u00a0<\/span><\/p><p><span style=\"font-weight: 400\">Castellano, G., Barrero, G., Machado, S., Pereyra, V. y S\u00e1nchez Toniotti, F. (12-13 de agosto de 2021). Desarrollo y fortalecimiento de una red agroalimentaria en la regi\u00f3n sureste del Departamento de Colonia, en el marco de la emergencia por Covid-19. Primera Jornada Nacional de Epidemiolog\u00eda y Salud P\u00fablica, Uruguay.\u00a0<\/span><\/p><p><span style=\"font-weight: 400\">Barrero, G., S\u00e1nchez Toniotti, F., Pereyra, V., Castellano, G. y Machado, S. (14-17 de agosto de 2021). Desarrollo y fortalecimiento de una red agroalimentaria en la regi\u00f3n sureste del Departamento de Colonia (Uruguay) en el marco de la emergencia por Covid-19. IX Congreso Nacional de Extensi\u00f3n y VIII Jornada de Extensi\u00f3n del Mercosur, Argentina.\u00a0<\/span><\/p><p><span style=\"font-weight: 400\">Barrero, G., Pereyra, V., S\u00e1nchez Toniotti, F., Castellano, G. y Machado, S. (9 y 10 de setiembre de 2021). Red Agroalimentaria en la regi\u00f3n sureste del departamento de Colonia en el marco de la emergencia por Covid-19. IV Jornadas Acad\u00e9micas de Extensi\u00f3n e Integralidad de la Facultad de Medicina, Uruguay (pp. 65-70). <\/span><a href=\"https:\/\/drive.google.com\/file\/d\/1qnubFT4BLUEZzAxXO440YVsnwL4ead1b\/view\"><span style=\"font-weight: 400\">https:\/\/drive.google.com\/file\/d\/1qnubFT4BLUEZzAxXO440YVsnwL4ead1b\/view<\/span><\/a><\/p><p><span style=\"font-weight: 400\">Pereyra, V., S\u00e1nchez Toniotti, F., Barrero, G., Castellano, G. y Machado, S. (25 a 27 de octubre de 2022). Tres minutos para cultivar. XIX Jornadas de Investigaci\u00f3n de la Facultad de Ciencias Sociales (Udelar), Uruguay.<\/span><\/p>\t\t\t\t\t\t\t\t<\/div>\n\t\t\t\t<\/div>\n\t\t\t\t\t<\/div>\n\t\t<\/div>\n\t\t\t\t\t<\/div>\n\t\t<\/section>\n\t\t\t\t<section class=\"elementor-section elementor-top-section elementor-element elementor-element-e19cec1 elementor-section-boxed elementor-section-height-default elementor-section-height-default\" data-id=\"e19cec1\" data-element_type=\"section\">\n\t\t\t\t\t\t<div class=\"elementor-container elementor-column-gap-default\">\n\t\t\t\t\t<div class=\"elementor-column elementor-col-100 elementor-top-column elementor-element elementor-element-45888a2\" data-id=\"45888a2\" data-element_type=\"column\">\n\t\t\t<div class=\"elementor-widget-wrap elementor-element-populated\">\n\t\t\t\t\t\t<div class=\"elementor-element elementor-element-5871eff elementor-widget elementor-widget-heading\" data-id=\"5871eff\" data-element_type=\"widget\" data-widget_type=\"heading.default\">\n\t\t\t\t<div class=\"elementor-widget-container\">\n\t\t\t\t\t<h5 class=\"elementor-heading-title elementor-size-default\">P\u00f3sters en congresos y jornadas<\/h5>\t\t\t\t<\/div>\n\t\t\t\t<\/div>\n\t\t\t\t\t<\/div>\n\t\t<\/div>\n\t\t\t\t\t<\/div>\n\t\t<\/section>\n\t\t\t\t<section class=\"elementor-section elementor-top-section elementor-element elementor-element-b1f0bee elementor-section-boxed elementor-section-height-default elementor-section-height-default\" data-id=\"b1f0bee\" data-element_type=\"section\">\n\t\t\t\t\t\t<div class=\"elementor-container elementor-column-gap-default\">\n\t\t\t\t\t<div class=\"elementor-column elementor-col-100 elementor-top-column elementor-element elementor-element-841decc\" data-id=\"841decc\" data-element_type=\"column\">\n\t\t\t<div class=\"elementor-widget-wrap elementor-element-populated\">\n\t\t\t\t\t\t<div class=\"elementor-element elementor-element-f8c4619 elementor-widget elementor-widget-text-editor\" data-id=\"f8c4619\" data-element_type=\"widget\" data-widget_type=\"text-editor.default\">\n\t\t\t\t<div class=\"elementor-widget-container\">\n\t\t\t\t\t\t\t\t\t<p><span style=\"font-weight: 400\">S\u00e1nchez Toniotti, F., Barrero, G., Pereyra, V., Castellano, G. y Machado, S. (26-29 de octubre del 2021). Desarrollo y fortalecimiento de una Red Agroalimentaria. Regi\u00f3n sureste del departamento de Colonia (Uruguay) en el marco de la emergencia por Covid-19. XVI Congreso Latinoamericano y Caribe\u00f1o de Extensi\u00f3n y Acci\u00f3n Social Universitaria, Costa Rica.<\/span><\/p>\t\t\t\t\t\t\t\t<\/div>\n\t\t\t\t<\/div>\n\t\t\t\t\t<\/div>\n\t\t<\/div>\n\t\t\t\t\t<\/div>\n\t\t<\/section>\n\t\t\t\t<section class=\"elementor-section elementor-top-section elementor-element elementor-element-c4eac7c elementor-section-boxed elementor-section-height-default elementor-section-height-default\" data-id=\"c4eac7c\" data-element_type=\"section\">\n\t\t\t\t\t\t<div class=\"elementor-container elementor-column-gap-default\">\n\t\t\t\t\t<div class=\"elementor-column elementor-col-100 elementor-top-column elementor-element elementor-element-a700593\" data-id=\"a700593\" data-element_type=\"column\">\n\t\t\t<div class=\"elementor-widget-wrap elementor-element-populated\">\n\t\t\t\t\t\t<div class=\"elementor-element elementor-element-37e346a elementor-widget elementor-widget-heading\" data-id=\"37e346a\" data-element_type=\"widget\" data-widget_type=\"heading.default\">\n\t\t\t\t<div class=\"elementor-widget-container\">\n\t\t\t\t\t<h4 class=\"elementor-heading-title elementor-size-default\">PRODUCTOS AUDIOVISUALES<\/h4>\t\t\t\t<\/div>\n\t\t\t\t<\/div>\n\t\t\t\t\t<\/div>\n\t\t<\/div>\n\t\t\t\t\t<\/div>\n\t\t<\/section>\n\t\t\t\t<section class=\"elementor-section elementor-top-section elementor-element elementor-element-cd64768 elementor-section-boxed elementor-section-height-default elementor-section-height-default\" data-id=\"cd64768\" data-element_type=\"section\">\n\t\t\t\t\t\t<div class=\"elementor-container elementor-column-gap-default\">\n\t\t\t\t\t<div class=\"elementor-column elementor-col-100 elementor-top-column elementor-element elementor-element-fabbf50\" data-id=\"fabbf50\" data-element_type=\"column\">\n\t\t\t<div class=\"elementor-widget-wrap elementor-element-populated\">\n\t\t\t\t\t\t<div class=\"elementor-element elementor-element-b4c6bb0 elementor-widget elementor-widget-text-editor\" data-id=\"b4c6bb0\" data-element_type=\"widget\" data-widget_type=\"text-editor.default\">\n\t\t\t\t<div class=\"elementor-widget-container\">\n\t\t\t\t\t\t\t\t\t<p>S\u00e1nchez Toniotti, F., Pereyra, V., Barrero, G., Castellano, G. y Machado, S. (2021). Tres minutos para cultivar y cuidar. Serie de audiovisuales aborda entrevistas a actores que transitaron por experiencias de huertas durante la pandemia por Covid-19. La propuesta se inscribi\u00f3 en el proyecto de extensi\u00f3n universitaria \u00abDesarrollo y fortalecimiento de una red agroalimentaria en la regi\u00f3n sureste del Departamento de Colonia en el marco de la emergencia por Covid-19. <a href=\"https:\/\/www.fmed.edu.uy\/extension\/audiovisual\/3-minutos-para-cultivar-y-cuidar-audiovisuales-de-un-proyecto-de-extension\">https:\/\/www.fmed.edu.uy\/extension\/audiovisual\/3-minutos-para-cultivar-y-cuidar-audiovisuales-de-un-proyecto-de-extension<\/a><\/p><p>Resumen del proyecto de Alfabetizaci\u00f3n en Salud con la Escuela N\u00b0 100 H\u00e9ctor F\u00edgoli (2023). <a href=\"https:\/\/www.youtube.com\/watch?v=1bBxF7Ap_Mc\" data-rel=\"lightbox-video-0\">https:\/\/www.youtube.com\/watch?v=1bBxF7Ap_Mc<\/a><\/p><p>Alfabetizacio\u0301n en salud y ciencia en escuelas de Montevideo y Canelones. Noche Iberoamericana de los investigadores 2023. <a href=\"https:\/\/www.youtube.com\/watch?v=vfVtUJwXCYo\" data-rel=\"lightbox-video-1\">https:\/\/www.youtube.com\/watch?v=vfVtUJwXCYo<\/a><\/p>\t\t\t\t\t\t\t\t<\/div>\n\t\t\t\t<\/div>\n\t\t\t\t\t<\/div>\n\t\t<\/div>\n\t\t\t\t\t<\/div>\n\t\t<\/section>\n\t\t\t\t<\/div>\n\t\t","protected":false},"excerpt":{"rendered":"<p>Inicio Integrantes Cursos L\u00edneas de Investigaci\u00f3n Proyectos Producci\u00f3n cient\u00edfica Extensi\u00f3n Links de inter\u00e9s .st0{fill:#FFFFFF;} Inicio Integrantes Cursos L\u00edneas de Investigaci\u00f3n&#8230;<\/p>\n","protected":false},"author":1,"featured_media":0,"parent":0,"menu_order":0,"comment_status":"closed","ping_status":"closed","template":"","meta":{"_acf_changed":false,"footnotes":""},"class_list":["post-8333","page","type-page","status-publish","hentry"],"acf":[],"_links":{"self":[{"href":"https:\/\/higiene.edu.uy\/medicina-preventiva\/wp-json\/wp\/v2\/pages\/8333","targetHints":{"allow":["GET"]}}],"collection":[{"href":"https:\/\/higiene.edu.uy\/medicina-preventiva\/wp-json\/wp\/v2\/pages"}],"about":[{"href":"https:\/\/higiene.edu.uy\/medicina-preventiva\/wp-json\/wp\/v2\/types\/page"}],"author":[{"embeddable":true,"href":"https:\/\/higiene.edu.uy\/medicina-preventiva\/wp-json\/wp\/v2\/users\/1"}],"replies":[{"embeddable":true,"href":"https:\/\/higiene.edu.uy\/medicina-preventiva\/wp-json\/wp\/v2\/comments?post=8333"}],"version-history":[{"count":51,"href":"https:\/\/higiene.edu.uy\/medicina-preventiva\/wp-json\/wp\/v2\/pages\/8333\/revisions"}],"predecessor-version":[{"id":10192,"href":"https:\/\/higiene.edu.uy\/medicina-preventiva\/wp-json\/wp\/v2\/pages\/8333\/revisions\/10192"}],"wp:attachment":[{"href":"https:\/\/higiene.edu.uy\/medicina-preventiva\/wp-json\/wp\/v2\/media?parent=8333"}],"curies":[{"name":"wp","href":"https:\/\/api.w.org\/{rel}","templated":true}]}}