{"id":9081,"date":"2022-05-17T16:31:36","date_gmt":"2022-05-17T19:31:36","guid":{"rendered":"https:\/\/higiene.edu.uy\/sitebiblioteca\/?page_id=9081"},"modified":"2025-02-13T18:27:19","modified_gmt":"2025-02-13T21:27:19","slug":"novedades","status":"publish","type":"page","link":"https:\/\/higiene.edu.uy\/informacion-y-comunicacion\/novedades\/","title":{"rendered":"Novedades"},"content":{"rendered":"\t\t<div data-elementor-type=\"wp-page\" data-elementor-id=\"9081\" class=\"elementor elementor-9081\">\n\t\t\t\t\t\t<section class=\"elementor-section elementor-top-section elementor-element elementor-element-ae1726d elementor-section-boxed elementor-section-height-default elementor-section-height-default\" data-id=\"ae1726d\" data-element_type=\"section\" data-settings=\"{&quot;background_background&quot;:&quot;classic&quot;}\">\n\t\t\t\t\t\t<div class=\"elementor-container elementor-column-gap-default\">\n\t\t\t\t\t<div class=\"elementor-column elementor-col-100 elementor-top-column elementor-element elementor-element-8df4758\" data-id=\"8df4758\" data-element_type=\"column\">\n\t\t\t<div class=\"elementor-widget-wrap elementor-element-populated\">\n\t\t\t\t\t\t<div class=\"elementor-element elementor-element-437619e edubin-nav-menu-breakpoint-big-tablet elementor-widget elementor-widget-edubin-header-menu\" data-id=\"437619e\" data-element_type=\"widget\" id=\"menu-biblioteca\" data-widget_type=\"edubin-header-menu.default\">\n\t\t\t\t<div class=\"elementor-widget-container\">\n\t\t\t\t\t<div class=\"edubin-nav-menu-wrapper edubin-header-area edubin-navbar-expand-lg edubin-elementor-nav-menu-wrapper\"><nav class=\"main-navigation edubin-navbar-collapse edubin-elementor-nav\"><ul id=\"menu-1-437619e\" class=\"edubin-navbar-nav edubin-navbar-right nav-menu edubin-nav-ul-wrapper\"><li itemscope=\"itemscope\" itemtype=\"https:\/\/www.schema.org\/SiteNavigationElement\" id=\"menu-item-9534\" class=\"menu-item menu-item-type-post_type menu-item-object-page menu-item-home nav-item menu-item-9534 menu-align-left\"><a class=\"nav-link\" href=\"https:\/\/higiene.edu.uy\/informacion-y-comunicacion\/\">Inicio<\/a><\/li>\n<li itemscope=\"itemscope\" itemtype=\"https:\/\/www.schema.org\/SiteNavigationElement\" id=\"menu-item-9535\" class=\"menu-item menu-item-type-custom menu-item-object-custom menu-item-has-children nav-item menu-item-9535 dropdown menu-align-left\"><a class=\"nav-link\" href=\"#\" aria-haspopup=\"true\">Acerca de nosotros<span class=\"edubin-menu-icon\"><i class=\"flaticon-download\" aria-hidden=\"true\"><\/i><\/span><\/a>\n<ul role=\"menu\" class=\" edubin-dropdown-menu\" >\n\t<li itemscope=\"itemscope\" itemtype=\"https:\/\/www.schema.org\/SiteNavigationElement\" id=\"menu-item-9539\" class=\"menu-item menu-item-type-post_type menu-item-object-page nav-item menu-item-9539 menu-align-left\"><a class=\"nav-link\" href=\"https:\/\/higiene.edu.uy\/informacion-y-comunicacion\/equipo\/\">Equipo<\/a><\/li>\n\t<li itemscope=\"itemscope\" itemtype=\"https:\/\/www.schema.org\/SiteNavigationElement\" id=\"menu-item-9540\" class=\"menu-item menu-item-type-custom menu-item-object-custom menu-item-has-children nav-item menu-item-9540 edubin-dropdown-submenu menu-align-left\"><a class=\"nav-link\" href=\"#\">\u00c1reas<span class=\"edubin-menu-icon\"><i class=\"flaticon-download\" aria-hidden=\"true\"><\/i><\/span><\/a>\n\t<ul role=\"menu\" class=\" edubin-dropdown-menu\" >\n\t\t<li itemscope=\"itemscope\" itemtype=\"https:\/\/www.schema.org\/SiteNavigationElement\" id=\"menu-item-9836\" class=\"menu-item menu-item-type-post_type menu-item-object-page nav-item menu-item-9836 menu-align-left\"><a class=\"nav-link\" href=\"https:\/\/higiene.edu.uy\/informacion-y-comunicacion\/informacion-biblioteca-organigrama\/\">Informaci\u00f3n \u2013 Biblioteca<\/a><\/li>\n\t\t<li itemscope=\"itemscope\" itemtype=\"https:\/\/www.schema.org\/SiteNavigationElement\" id=\"menu-item-9866\" class=\"menu-item menu-item-type-post_type menu-item-object-page nav-item menu-item-9866 menu-align-left\"><a class=\"nav-link\" href=\"https:\/\/higiene.edu.uy\/informacion-y-comunicacion\/comunicacion-organigrama\/\">Comunicaci\u00f3n<\/a><\/li>\n\t\t<li itemscope=\"itemscope\" itemtype=\"https:\/\/www.schema.org\/SiteNavigationElement\" id=\"menu-item-9543\" class=\"menu-item menu-item-type-post_type menu-item-object-page nav-item menu-item-9543 menu-align-left\"><a class=\"nav-link\" href=\"https:\/\/higiene.edu.uy\/informacion-y-comunicacion\/proyectos-institucionales\/\">Proyectos Institucionales<\/a><\/li>\n\t<\/ul>\n<\/li>\n<\/ul>\n<\/li>\n<li itemscope=\"itemscope\" itemtype=\"https:\/\/www.schema.org\/SiteNavigationElement\" id=\"menu-item-9544\" class=\"menu-item menu-item-type-post_type menu-item-object-page nav-item menu-item-9544 menu-align-left\"><a class=\"nav-link\" href=\"https:\/\/higiene.edu.uy\/informacion-y-comunicacion\/novedades\/\">Novedades<\/a><\/li>\n<li itemscope=\"itemscope\" itemtype=\"https:\/\/www.schema.org\/SiteNavigationElement\" id=\"menu-item-9546\" class=\"menu-item menu-item-type-post_type menu-item-object-page nav-item menu-item-9546 menu-align-left\"><a class=\"nav-link\" href=\"https:\/\/higiene.edu.uy\/informacion-y-comunicacion\/latindex\/\">Latindex<\/a><\/li>\n<li itemscope=\"itemscope\" itemtype=\"https:\/\/www.schema.org\/SiteNavigationElement\" id=\"menu-item-9547\" class=\"menu-item menu-item-type-post_type menu-item-object-page nav-item menu-item-9547 menu-align-left\"><a class=\"nav-link\" href=\"https:\/\/higiene.edu.uy\/informacion-y-comunicacion\/talleres\/\">Talleres<\/a><\/li>\n<\/ul><\/nav><div class=\"edubin-default-header-mobile-navbar edubin-mobile-menu\"><div class=\"edubin-elementor-mobile-menu-overlay\"><\/div><div class=\"edubin-elementor-mobile-hamburger-menu\"><a href=\"javascript:void(0);\"><svg xmlns=\"http:\/\/www.w3.org\/2000\/svg\" xmlns:xlink=\"http:\/\/www.w3.org\/1999\/xlink\" id=\"Capa_1\" x=\"0px\" y=\"0px\" viewBox=\"0 0 448 512\" style=\"enable-background:new 0 0 448 512;\" xml:space=\"preserve\"><style type=\"text\/css\">\t.st0{fill:#FFFFFF;}<\/style><path class=\"st0\" d=\"M0,96c0-17.7,14.3-32,32-32h384c17.7,0,32,14.3,32,32s-14.3,32-32,32H32C14.3,128,0,113.7,0,96z M0,256 c0-17.7,14.3-32,32-32h384c17.7,0,32,14.3,32,32s-14.3,32-32,32H32C14.3,288,0,273.7,0,256z M448,416c0,17.7-14.3,32-32,32H32 c-17.7,0-32-14.3-32-32s14.3-32,32-32h384C433.7,384,448,398.3,448,416z\"><\/path><\/svg><\/a><\/div><div class=\"edubin-mobile-menu-nav-wrapper edubin-elementor-mobile-menu-nav-wrapper\"><div class=\"edubin-elementor-mobile-menu-close\"><a href=\"javascript:void(0);\"><i aria-hidden=\"true\" class=\"flaticon-cancel\"><\/i><\/a><\/div><ul id=\"edubin-elementor-mobile-menu-item\" class=\"edubin-elementor-mobile-menu-item\"><li itemscope=\"itemscope\" itemtype=\"https:\/\/www.schema.org\/SiteNavigationElement\" class=\"menu-item menu-item-type-post_type menu-item-object-page menu-item-home nav-item menu-item-9534 menu-align-left\"><a class=\"nav-link\" href=\"https:\/\/higiene.edu.uy\/informacion-y-comunicacion\/\">Inicio<\/a><\/li>\n<li itemscope=\"itemscope\" itemtype=\"https:\/\/www.schema.org\/SiteNavigationElement\" class=\"menu-item menu-item-type-custom menu-item-object-custom menu-item-has-children nav-item menu-item-9535 dropdown menu-align-left\"><a class=\"nav-link\" href=\"#\" aria-haspopup=\"true\">Acerca de nosotros<span class=\"edubin-menu-icon\"><i class=\"flaticon-download\" aria-hidden=\"true\"><\/i><\/span><\/a>\n<ul role=\"menu\" class=\" edubin-dropdown-menu\" >\n\t<li itemscope=\"itemscope\" itemtype=\"https:\/\/www.schema.org\/SiteNavigationElement\" class=\"menu-item menu-item-type-post_type menu-item-object-page nav-item menu-item-9539 menu-align-left\"><a class=\"nav-link\" href=\"https:\/\/higiene.edu.uy\/informacion-y-comunicacion\/equipo\/\">Equipo<\/a><\/li>\n\t<li itemscope=\"itemscope\" itemtype=\"https:\/\/www.schema.org\/SiteNavigationElement\" class=\"menu-item menu-item-type-custom menu-item-object-custom menu-item-has-children nav-item menu-item-9540 edubin-dropdown-submenu menu-align-left\"><a class=\"nav-link\" href=\"#\">\u00c1reas<span class=\"edubin-menu-icon\"><i class=\"flaticon-download\" aria-hidden=\"true\"><\/i><\/span><\/a>\n\t<ul role=\"menu\" class=\" edubin-dropdown-menu\" >\n\t\t<li itemscope=\"itemscope\" itemtype=\"https:\/\/www.schema.org\/SiteNavigationElement\" class=\"menu-item menu-item-type-post_type menu-item-object-page nav-item menu-item-9836 menu-align-left\"><a class=\"nav-link\" href=\"https:\/\/higiene.edu.uy\/informacion-y-comunicacion\/informacion-biblioteca-organigrama\/\">Informaci\u00f3n \u2013 Biblioteca<\/a><\/li>\n\t\t<li itemscope=\"itemscope\" itemtype=\"https:\/\/www.schema.org\/SiteNavigationElement\" class=\"menu-item menu-item-type-post_type menu-item-object-page nav-item menu-item-9866 menu-align-left\"><a class=\"nav-link\" href=\"https:\/\/higiene.edu.uy\/informacion-y-comunicacion\/comunicacion-organigrama\/\">Comunicaci\u00f3n<\/a><\/li>\n\t\t<li itemscope=\"itemscope\" itemtype=\"https:\/\/www.schema.org\/SiteNavigationElement\" class=\"menu-item menu-item-type-post_type menu-item-object-page nav-item menu-item-9543 menu-align-left\"><a class=\"nav-link\" href=\"https:\/\/higiene.edu.uy\/informacion-y-comunicacion\/proyectos-institucionales\/\">Proyectos Institucionales<\/a><\/li>\n\t<\/ul>\n<\/li>\n<\/ul>\n<\/li>\n<li itemscope=\"itemscope\" itemtype=\"https:\/\/www.schema.org\/SiteNavigationElement\" class=\"menu-item menu-item-type-post_type menu-item-object-page nav-item menu-item-9544 menu-align-left\"><a class=\"nav-link\" href=\"https:\/\/higiene.edu.uy\/informacion-y-comunicacion\/novedades\/\">Novedades<\/a><\/li>\n<li itemscope=\"itemscope\" itemtype=\"https:\/\/www.schema.org\/SiteNavigationElement\" class=\"menu-item menu-item-type-post_type menu-item-object-page nav-item menu-item-9546 menu-align-left\"><a class=\"nav-link\" href=\"https:\/\/higiene.edu.uy\/informacion-y-comunicacion\/latindex\/\">Latindex<\/a><\/li>\n<li itemscope=\"itemscope\" itemtype=\"https:\/\/www.schema.org\/SiteNavigationElement\" class=\"menu-item menu-item-type-post_type menu-item-object-page nav-item menu-item-9547 menu-align-left\"><a class=\"nav-link\" href=\"https:\/\/higiene.edu.uy\/informacion-y-comunicacion\/talleres\/\">Talleres<\/a><\/li>\n<\/ul><\/div><\/div><\/div>\t\t\t\t<\/div>\n\t\t\t\t<\/div>\n\t\t\t\t\t<\/div>\n\t\t<\/div>\n\t\t\t\t\t<\/div>\n\t\t<\/section>\n\t\t\t\t<section class=\"elementor-section elementor-top-section elementor-element elementor-element-cfd3b8b elementor-section-boxed elementor-section-height-default elementor-section-height-default\" data-id=\"cfd3b8b\" data-element_type=\"section\">\n\t\t\t\t\t\t<div class=\"elementor-container elementor-column-gap-default\">\n\t\t\t\t\t<div class=\"elementor-column elementor-col-100 elementor-top-column elementor-element elementor-element-15c5aff\" data-id=\"15c5aff\" data-element_type=\"column\">\n\t\t\t<div class=\"elementor-widget-wrap elementor-element-populated\">\n\t\t\t\t\t\t<div class=\"elementor-element elementor-element-7cb25cf elementor-widget elementor-widget-spacer\" data-id=\"7cb25cf\" data-element_type=\"widget\" data-widget_type=\"spacer.default\">\n\t\t\t\t<div class=\"elementor-widget-container\">\n\t\t\t\t\t\t\t<div class=\"elementor-spacer\">\n\t\t\t<div class=\"elementor-spacer-inner\"><\/div>\n\t\t<\/div>\n\t\t\t\t\t\t<\/div>\n\t\t\t\t<\/div>\n\t\t\t\t\t<\/div>\n\t\t<\/div>\n\t\t\t\t\t<\/div>\n\t\t<\/section>\n\t\t\t\t<section class=\"elementor-section elementor-top-section elementor-element elementor-element-9562bcf elementor-section-boxed elementor-section-height-default elementor-section-height-default\" data-id=\"9562bcf\" data-element_type=\"section\">\n\t\t\t\t\t\t<div class=\"elementor-container elementor-column-gap-default\">\n\t\t\t\t\t<div class=\"elementor-column elementor-col-100 elementor-top-column elementor-element elementor-element-b0be8f3\" data-id=\"b0be8f3\" data-element_type=\"column\">\n\t\t\t<div class=\"elementor-widget-wrap elementor-element-populated\">\n\t\t\t\t\t\t<div class=\"elementor-element elementor-element-20b4040 elementor-widget elementor-widget-custom-title-addons\" data-id=\"20b4040\" data-element_type=\"widget\" data-widget_type=\"custom-title-addons.default\">\n\t\t\t\t<div class=\"elementor-widget-container\">\n\t\t\t\t\t<div class=\"tpc-double_heading\"><div class=\"dbl__subtitle\"><span>NOVEDADES<\/span><\/div><h3 class=\"dbl__title-wrapper\"><span class=\"dbl__title dbl-title_1\">Departamento de Informaci\u00f3n y Comunicaci\u00f3n <\/span><\/h3><\/div>\t\t\t\t<\/div>\n\t\t\t\t<\/div>\n\t\t\t\t\t<\/div>\n\t\t<\/div>\n\t\t\t\t\t<\/div>\n\t\t<\/section>\n\t\t\t\t<section class=\"elementor-section elementor-top-section elementor-element elementor-element-3955714 elementor-section-boxed elementor-section-height-default elementor-section-height-default\" data-id=\"3955714\" data-element_type=\"section\">\n\t\t\t\t\t\t<div class=\"elementor-container elementor-column-gap-default\">\n\t\t\t\t\t<div class=\"elementor-column elementor-col-100 elementor-top-column elementor-element elementor-element-3177866\" data-id=\"3177866\" data-element_type=\"column\">\n\t\t\t<div class=\"elementor-widget-wrap elementor-element-populated\">\n\t\t\t\t\t\t<div class=\"elementor-element elementor-element-e6a216b elementor-widget elementor-widget-spacer\" data-id=\"e6a216b\" data-element_type=\"widget\" data-widget_type=\"spacer.default\">\n\t\t\t\t<div class=\"elementor-widget-container\">\n\t\t\t\t\t\t\t<div class=\"elementor-spacer\">\n\t\t\t<div class=\"elementor-spacer-inner\"><\/div>\n\t\t<\/div>\n\t\t\t\t\t\t<\/div>\n\t\t\t\t<\/div>\n\t\t\t\t\t<\/div>\n\t\t<\/div>\n\t\t\t\t\t<\/div>\n\t\t<\/section>\n\t\t\t\t<section class=\"elementor-section elementor-top-section elementor-element elementor-element-f3bb3a9 elementor-section-boxed elementor-section-height-default elementor-section-height-default\" data-id=\"f3bb3a9\" data-element_type=\"section\">\n\t\t\t\t\t\t<div class=\"elementor-container elementor-column-gap-default\">\n\t\t\t\t\t<div class=\"elementor-column elementor-col-100 elementor-top-column elementor-element elementor-element-331a0c2\" data-id=\"331a0c2\" data-element_type=\"column\">\n\t\t\t<div class=\"elementor-widget-wrap elementor-element-populated\">\n\t\t\t\t\t\t<div class=\"elementor-element elementor-element-f6f3e20 elementor-widget elementor-widget-edubin-latest-post\" data-id=\"f6f3e20\" data-element_type=\"widget\" data-widget_type=\"edubin-latest-post.default\">\n\t\t\t\t<div class=\"elementor-widget-container\">\n\t\t\t\t\t            \n            <div class=\"row tpc_g_30 edubin-latest-news layout-1\">\n    \n                    \n                    \n              \n                        <div class=\" edubin-col-12 edubin-col-sm-6 edubin-col-md-6 edubin-col-lg-4 4 \">\n                            <div class=\"single-news\" >\n                                                                    <div class=\"news-thum\">\n                                        <a href=\"https:\/\/higiene.edu.uy\/informacion-y-comunicacion\/2025\/11\/26\/el-instituto-de-higiene-fortalece-habilidades-curriculares-con-cvuy-de-anii\/\">\n                                            <img fetchpriority=\"high\" decoding=\"async\" width=\"640\" height=\"480\" src=\"https:\/\/higiene.edu.uy\/informacion-y-comunicacion\/wp-content\/uploads\/sites\/10\/2025\/11\/Taller-de-creacion-de-CVUy-ANII-26-11-25-37-1024x768.jpg\" class=\"attachment-large size-large wp-post-image\" alt=\"\" srcset=\"https:\/\/higiene.edu.uy\/informacion-y-comunicacion\/wp-content\/uploads\/sites\/10\/2025\/11\/Taller-de-creacion-de-CVUy-ANII-26-11-25-37-1024x768.jpg 1024w, https:\/\/higiene.edu.uy\/informacion-y-comunicacion\/wp-content\/uploads\/sites\/10\/2025\/11\/Taller-de-creacion-de-CVUy-ANII-26-11-25-37-300x225.jpg 300w, https:\/\/higiene.edu.uy\/informacion-y-comunicacion\/wp-content\/uploads\/sites\/10\/2025\/11\/Taller-de-creacion-de-CVUy-ANII-26-11-25-37-768x576.jpg 768w, https:\/\/higiene.edu.uy\/informacion-y-comunicacion\/wp-content\/uploads\/sites\/10\/2025\/11\/Taller-de-creacion-de-CVUy-ANII-26-11-25-37-1536x1152.jpg 1536w, https:\/\/higiene.edu.uy\/informacion-y-comunicacion\/wp-content\/uploads\/sites\/10\/2025\/11\/Taller-de-creacion-de-CVUy-ANII-26-11-25-37-2048x1536.jpg 2048w\" sizes=\"(max-width: 640px) 100vw, 640px\" \/>                                        <\/a>\n                                                                            <\/div>\n                                    \n                                    <div class=\"news-cont\">\n                                                                                <ul>\n                                                                                            <li><a href=\"https:\/\/higiene.edu.uy\/informacion-y-comunicacion\/2025\/11\/26\/\"><i class=\"flaticon-calendar\"><\/i>26 noviembre 2025 <\/a><\/li>\n                                                                                                                                        <li><i class=\"flaticon-user\"><\/i><a href=\"https:\/\/higiene.edu.uy\/informacion-y-comunicacion\/author\/cvalenzuela\/\"> cvalenzuela<\/a><\/li>\n                                                                                    <\/ul>\n                                                                                    <a href=\"https:\/\/higiene.edu.uy\/informacion-y-comunicacion\/2025\/11\/26\/el-instituto-de-higiene-fortalece-habilidades-curriculares-con-cvuy-de-anii\/\"><h3 class=\"news-title\">El Instituto de Higiene fortalece habilidades curriculares con CVUy de ANII<\/h3><\/a>\n                                                                                                                                                                <div class=\"edubin-blog-readmore\">\n                                        <a href=\"https:\/\/higiene.edu.uy\/informacion-y-comunicacion\/2025\/11\/26\/el-instituto-de-higiene-fortalece-habilidades-curriculares-con-cvuy-de-anii\/\">Ver m\u00e1s<\/a>\n                                        <\/div>\n                                            \n                                    <\/div>\n                            <\/div> <!-- single news -->\n                        <\/div>\n          \n    \n                            \n                    \n              \n                        <div class=\" edubin-col-12 edubin-col-sm-6 edubin-col-md-6 edubin-col-lg-4 4 \">\n                            <div class=\"single-news\" >\n                                                                    <div class=\"news-thum\">\n                                        <a href=\"https:\/\/higiene.edu.uy\/informacion-y-comunicacion\/2025\/11\/21\/participacion-del-instituto-de-higiene-en-la-6a-feria-modo-udelar-2025\/\">\n                                            <img decoding=\"async\" width=\"640\" height=\"480\" src=\"https:\/\/higiene.edu.uy\/informacion-y-comunicacion\/wp-content\/uploads\/sites\/10\/2025\/11\/Dpto.-Informacion-y-Comunciacion-Feria-Modo-Udelar-2025-2-1024x768.jpg\" class=\"attachment-large size-large wp-post-image\" alt=\"\" srcset=\"https:\/\/higiene.edu.uy\/informacion-y-comunicacion\/wp-content\/uploads\/sites\/10\/2025\/11\/Dpto.-Informacion-y-Comunciacion-Feria-Modo-Udelar-2025-2-1024x768.jpg 1024w, https:\/\/higiene.edu.uy\/informacion-y-comunicacion\/wp-content\/uploads\/sites\/10\/2025\/11\/Dpto.-Informacion-y-Comunciacion-Feria-Modo-Udelar-2025-2-300x225.jpg 300w, https:\/\/higiene.edu.uy\/informacion-y-comunicacion\/wp-content\/uploads\/sites\/10\/2025\/11\/Dpto.-Informacion-y-Comunciacion-Feria-Modo-Udelar-2025-2-768x576.jpg 768w, https:\/\/higiene.edu.uy\/informacion-y-comunicacion\/wp-content\/uploads\/sites\/10\/2025\/11\/Dpto.-Informacion-y-Comunciacion-Feria-Modo-Udelar-2025-2.jpg 1200w\" sizes=\"(max-width: 640px) 100vw, 640px\" \/>                                        <\/a>\n                                                                            <\/div>\n                                    \n                                    <div class=\"news-cont\">\n                                                                                <ul>\n                                                                                            <li><a href=\"https:\/\/higiene.edu.uy\/informacion-y-comunicacion\/2025\/11\/21\/\"><i class=\"flaticon-calendar\"><\/i>21 noviembre 2025 <\/a><\/li>\n                                                                                                                                        <li><i class=\"flaticon-user\"><\/i><a href=\"https:\/\/higiene.edu.uy\/informacion-y-comunicacion\/author\/cvalenzuela\/\"> cvalenzuela<\/a><\/li>\n                                                                                    <\/ul>\n                                                                                    <a href=\"https:\/\/higiene.edu.uy\/informacion-y-comunicacion\/2025\/11\/21\/participacion-del-instituto-de-higiene-en-la-6a-feria-modo-udelar-2025\/\"><h3 class=\"news-title\">Participaci\u00f3n del Instituto de Higiene en la 6\u00aa Feria Modo Udelar 2025<\/h3><\/a>\n                                                                                                                                                                <div class=\"edubin-blog-readmore\">\n                                        <a href=\"https:\/\/higiene.edu.uy\/informacion-y-comunicacion\/2025\/11\/21\/participacion-del-instituto-de-higiene-en-la-6a-feria-modo-udelar-2025\/\">Ver m\u00e1s<\/a>\n                                        <\/div>\n                                            \n                                    <\/div>\n                            <\/div> <!-- single news -->\n                        <\/div>\n          \n    \n                            \n                    \n              \n                        <div class=\" edubin-col-12 edubin-col-sm-6 edubin-col-md-6 edubin-col-lg-4 4 \">\n                            <div class=\"single-news\" >\n                                                                    <div class=\"news-thum\">\n                                        <a href=\"https:\/\/higiene.edu.uy\/informacion-y-comunicacion\/2025\/09\/03\/dia-nacional-del-bibliotecologo-2025-agentes-de-transformacion-en-la-era-digital\/\">\n                                            <img decoding=\"async\" width=\"640\" height=\"346\" src=\"https:\/\/higiene.edu.uy\/informacion-y-comunicacion\/wp-content\/uploads\/sites\/10\/2025\/09\/Captura-de-pantalla-2025-09-03-115442-1024x553.png\" class=\"attachment-large size-large wp-post-image\" alt=\"\" srcset=\"https:\/\/higiene.edu.uy\/informacion-y-comunicacion\/wp-content\/uploads\/sites\/10\/2025\/09\/Captura-de-pantalla-2025-09-03-115442-1024x553.png 1024w, https:\/\/higiene.edu.uy\/informacion-y-comunicacion\/wp-content\/uploads\/sites\/10\/2025\/09\/Captura-de-pantalla-2025-09-03-115442-300x162.png 300w, https:\/\/higiene.edu.uy\/informacion-y-comunicacion\/wp-content\/uploads\/sites\/10\/2025\/09\/Captura-de-pantalla-2025-09-03-115442-768x414.png 768w, https:\/\/higiene.edu.uy\/informacion-y-comunicacion\/wp-content\/uploads\/sites\/10\/2025\/09\/Captura-de-pantalla-2025-09-03-115442.png 1336w\" sizes=\"(max-width: 640px) 100vw, 640px\" \/>                                        <\/a>\n                                                                            <\/div>\n                                    \n                                    <div class=\"news-cont\">\n                                                                                <ul>\n                                                                                            <li><a href=\"https:\/\/higiene.edu.uy\/informacion-y-comunicacion\/2025\/09\/03\/\"><i class=\"flaticon-calendar\"><\/i>03 septiembre 2025 <\/a><\/li>\n                                                                                                                                        <li><i class=\"flaticon-user\"><\/i><a href=\"https:\/\/higiene.edu.uy\/informacion-y-comunicacion\/author\/cvalenzuela\/\"> cvalenzuela<\/a><\/li>\n                                                                                    <\/ul>\n                                                                                    <a href=\"https:\/\/higiene.edu.uy\/informacion-y-comunicacion\/2025\/09\/03\/dia-nacional-del-bibliotecologo-2025-agentes-de-transformacion-en-la-era-digital\/\"><h3 class=\"news-title\">D\u00eda Nacional del Bibliotec\u00f3logo 2025: agentes de transformaci\u00f3n en la era digital<\/h3><\/a>\n                                                                                                                                                                <div class=\"edubin-blog-readmore\">\n                                        <a href=\"https:\/\/higiene.edu.uy\/informacion-y-comunicacion\/2025\/09\/03\/dia-nacional-del-bibliotecologo-2025-agentes-de-transformacion-en-la-era-digital\/\">Ver m\u00e1s<\/a>\n                                        <\/div>\n                                            \n                                    <\/div>\n                            <\/div> <!-- single news -->\n                        <\/div>\n          \n    \n                            \n                    \n              \n                        <div class=\" edubin-col-12 edubin-col-sm-6 edubin-col-md-6 edubin-col-lg-4 4 \">\n                            <div class=\"single-news\" >\n                                                                    <div class=\"news-thum\">\n                                        <a href=\"https:\/\/higiene.edu.uy\/informacion-y-comunicacion\/2025\/08\/28\/iniciativa-colaborativa-entre-biblioteca-de-facultad-de-medicina-e-instituto-de-higiene-para-preservar-revistas-historicas-medicas\/\">\n                                            <img loading=\"lazy\" decoding=\"async\" width=\"640\" height=\"343\" src=\"https:\/\/higiene.edu.uy\/informacion-y-comunicacion\/wp-content\/uploads\/sites\/10\/2025\/08\/flyer-digitalizacion-1024x549.png\" class=\"attachment-large size-large wp-post-image\" alt=\"\" srcset=\"https:\/\/higiene.edu.uy\/informacion-y-comunicacion\/wp-content\/uploads\/sites\/10\/2025\/08\/flyer-digitalizacion-1024x549.png 1024w, https:\/\/higiene.edu.uy\/informacion-y-comunicacion\/wp-content\/uploads\/sites\/10\/2025\/08\/flyer-digitalizacion-300x161.png 300w, https:\/\/higiene.edu.uy\/informacion-y-comunicacion\/wp-content\/uploads\/sites\/10\/2025\/08\/flyer-digitalizacion-768x412.png 768w, https:\/\/higiene.edu.uy\/informacion-y-comunicacion\/wp-content\/uploads\/sites\/10\/2025\/08\/flyer-digitalizacion-1536x824.png 1536w, https:\/\/higiene.edu.uy\/informacion-y-comunicacion\/wp-content\/uploads\/sites\/10\/2025\/08\/flyer-digitalizacion.png 1600w\" sizes=\"(max-width: 640px) 100vw, 640px\" \/>                                        <\/a>\n                                                                            <\/div>\n                                    \n                                    <div class=\"news-cont\">\n                                                                                <ul>\n                                                                                            <li><a href=\"https:\/\/higiene.edu.uy\/informacion-y-comunicacion\/2025\/08\/28\/\"><i class=\"flaticon-calendar\"><\/i>28 agosto 2025 <\/a><\/li>\n                                                                                                                                        <li><i class=\"flaticon-user\"><\/i><a href=\"https:\/\/higiene.edu.uy\/informacion-y-comunicacion\/author\/cvalenzuela\/\"> cvalenzuela<\/a><\/li>\n                                                                                    <\/ul>\n                                                                                    <a href=\"https:\/\/higiene.edu.uy\/informacion-y-comunicacion\/2025\/08\/28\/iniciativa-colaborativa-entre-biblioteca-de-facultad-de-medicina-e-instituto-de-higiene-para-preservar-revistas-historicas-medicas\/\"><h3 class=\"news-title\">Iniciativa colaborativa entre Biblioteca de Facultad de Medicina e Instituto de Higiene para preservar revistas<\/h3><\/a>\n                                                                                                                                                                <div class=\"edubin-blog-readmore\">\n                                        <a href=\"https:\/\/higiene.edu.uy\/informacion-y-comunicacion\/2025\/08\/28\/iniciativa-colaborativa-entre-biblioteca-de-facultad-de-medicina-e-instituto-de-higiene-para-preservar-revistas-historicas-medicas\/\">Ver m\u00e1s<\/a>\n                                        <\/div>\n                                            \n                                    <\/div>\n                            <\/div> <!-- single news -->\n                        <\/div>\n          \n    \n                            \n                    \n              \n                        <div class=\" edubin-col-12 edubin-col-sm-6 edubin-col-md-6 edubin-col-lg-4 4 \">\n                            <div class=\"single-news\" >\n                                                                    <div class=\"news-thum\">\n                                        <a href=\"https:\/\/higiene.edu.uy\/informacion-y-comunicacion\/2025\/08\/27\/proyecto-produccion-cientifica-institucional-pci-ih-visibilizando-nuestra-investigacion\/\">\n                                            <img loading=\"lazy\" decoding=\"async\" width=\"640\" height=\"640\" src=\"https:\/\/higiene.edu.uy\/informacion-y-comunicacion\/wp-content\/uploads\/sites\/10\/2025\/08\/PCI-IH-1-1024x1024.jpg\" class=\"attachment-large size-large wp-post-image\" alt=\"\" srcset=\"https:\/\/higiene.edu.uy\/informacion-y-comunicacion\/wp-content\/uploads\/sites\/10\/2025\/08\/PCI-IH-1-1024x1024.jpg 1024w, https:\/\/higiene.edu.uy\/informacion-y-comunicacion\/wp-content\/uploads\/sites\/10\/2025\/08\/PCI-IH-1-300x300.jpg 300w, https:\/\/higiene.edu.uy\/informacion-y-comunicacion\/wp-content\/uploads\/sites\/10\/2025\/08\/PCI-IH-1-150x150.jpg 150w, https:\/\/higiene.edu.uy\/informacion-y-comunicacion\/wp-content\/uploads\/sites\/10\/2025\/08\/PCI-IH-1-768x768.jpg 768w, https:\/\/higiene.edu.uy\/informacion-y-comunicacion\/wp-content\/uploads\/sites\/10\/2025\/08\/PCI-IH-1.jpg 1080w\" sizes=\"(max-width: 640px) 100vw, 640px\" \/>                                        <\/a>\n                                                                            <\/div>\n                                    \n                                    <div class=\"news-cont\">\n                                                                                <ul>\n                                                                                            <li><a href=\"https:\/\/higiene.edu.uy\/informacion-y-comunicacion\/2025\/08\/27\/\"><i class=\"flaticon-calendar\"><\/i>27 agosto 2025 <\/a><\/li>\n                                                                                                                                        <li><i class=\"flaticon-user\"><\/i><a href=\"https:\/\/higiene.edu.uy\/informacion-y-comunicacion\/author\/cvalenzuela\/\"> cvalenzuela<\/a><\/li>\n                                                                                    <\/ul>\n                                                                                    <a href=\"https:\/\/higiene.edu.uy\/informacion-y-comunicacion\/2025\/08\/27\/proyecto-produccion-cientifica-institucional-pci-ih-visibilizando-nuestra-investigacion\/\"><h3 class=\"news-title\">Proyecto Producci\u00f3n Cient\u00edfica Institucional (PCI-IH): visibilizando nuestra investigaci\u00f3n<\/h3><\/a>\n                                                                                                                                                                <div class=\"edubin-blog-readmore\">\n                                        <a href=\"https:\/\/higiene.edu.uy\/informacion-y-comunicacion\/2025\/08\/27\/proyecto-produccion-cientifica-institucional-pci-ih-visibilizando-nuestra-investigacion\/\">Ver m\u00e1s<\/a>\n                                        <\/div>\n                                            \n                                    <\/div>\n                            <\/div> <!-- single news -->\n                        <\/div>\n          \n    \n                            \n                    \n              \n                        <div class=\" edubin-col-12 edubin-col-sm-6 edubin-col-md-6 edubin-col-lg-4 4 \">\n                            <div class=\"single-news\" >\n                                                                    <div class=\"news-thum\">\n                                        <a href=\"https:\/\/higiene.edu.uy\/informacion-y-comunicacion\/2025\/06\/13\/fortaleciendo-habilidades-en-el-uso-de-la-plataforma-cvuy-de-anii\/\">\n                                            <img loading=\"lazy\" decoding=\"async\" width=\"640\" height=\"640\" src=\"https:\/\/higiene.edu.uy\/informacion-y-comunicacion\/wp-content\/uploads\/sites\/10\/2025\/06\/POST-DE-LOS-TALLERES-1024x1024.jpg\" class=\"attachment-large size-large wp-post-image\" alt=\"\" srcset=\"https:\/\/higiene.edu.uy\/informacion-y-comunicacion\/wp-content\/uploads\/sites\/10\/2025\/06\/POST-DE-LOS-TALLERES-1024x1024.jpg 1024w, https:\/\/higiene.edu.uy\/informacion-y-comunicacion\/wp-content\/uploads\/sites\/10\/2025\/06\/POST-DE-LOS-TALLERES-300x300.jpg 300w, https:\/\/higiene.edu.uy\/informacion-y-comunicacion\/wp-content\/uploads\/sites\/10\/2025\/06\/POST-DE-LOS-TALLERES-150x150.jpg 150w, https:\/\/higiene.edu.uy\/informacion-y-comunicacion\/wp-content\/uploads\/sites\/10\/2025\/06\/POST-DE-LOS-TALLERES-768x768.jpg 768w, https:\/\/higiene.edu.uy\/informacion-y-comunicacion\/wp-content\/uploads\/sites\/10\/2025\/06\/POST-DE-LOS-TALLERES.jpg 1080w\" sizes=\"(max-width: 640px) 100vw, 640px\" \/>                                        <\/a>\n                                                                            <\/div>\n                                    \n                                    <div class=\"news-cont\">\n                                                                                <ul>\n                                                                                            <li><a href=\"https:\/\/higiene.edu.uy\/informacion-y-comunicacion\/2025\/06\/13\/\"><i class=\"flaticon-calendar\"><\/i>13 junio 2025 <\/a><\/li>\n                                                                                                                                        <li><i class=\"flaticon-user\"><\/i><a href=\"https:\/\/higiene.edu.uy\/informacion-y-comunicacion\/author\/cvalenzuela\/\"> cvalenzuela<\/a><\/li>\n                                                                                    <\/ul>\n                                                                                    <a href=\"https:\/\/higiene.edu.uy\/informacion-y-comunicacion\/2025\/06\/13\/fortaleciendo-habilidades-en-el-uso-de-la-plataforma-cvuy-de-anii\/\"><h3 class=\"news-title\">Fortaleciendo habilidades en el uso de la plataforma CVUy de ANII<\/h3><\/a>\n                                                                                                                                                                <div class=\"edubin-blog-readmore\">\n                                        <a href=\"https:\/\/higiene.edu.uy\/informacion-y-comunicacion\/2025\/06\/13\/fortaleciendo-habilidades-en-el-uso-de-la-plataforma-cvuy-de-anii\/\">Ver m\u00e1s<\/a>\n                                        <\/div>\n                                            \n                                    <\/div>\n                            <\/div> <!-- single news -->\n                        <\/div>\n          \n    \n                            \n                    \n              \n                        <div class=\" edubin-col-12 edubin-col-sm-6 edubin-col-md-6 edubin-col-lg-4 4 \">\n                            <div class=\"single-news\" >\n                                                                    <div class=\"news-thum\">\n                                        <a href=\"https:\/\/higiene.edu.uy\/informacion-y-comunicacion\/2025\/06\/06\/taller-teorico-practico-de-busqueda-para-revisiones-sistematicas-fortaleciendo-la-investigacion-en-el-instituto-de-higiene\/\">\n                                            <img loading=\"lazy\" decoding=\"async\" width=\"640\" height=\"292\" src=\"https:\/\/higiene.edu.uy\/informacion-y-comunicacion\/wp-content\/uploads\/sites\/10\/2025\/06\/IMG-20250604-WA0050-1024x467.jpg\" class=\"attachment-large size-large wp-post-image\" alt=\"\" srcset=\"https:\/\/higiene.edu.uy\/informacion-y-comunicacion\/wp-content\/uploads\/sites\/10\/2025\/06\/IMG-20250604-WA0050-1024x467.jpg 1024w, https:\/\/higiene.edu.uy\/informacion-y-comunicacion\/wp-content\/uploads\/sites\/10\/2025\/06\/IMG-20250604-WA0050-300x137.jpg 300w, https:\/\/higiene.edu.uy\/informacion-y-comunicacion\/wp-content\/uploads\/sites\/10\/2025\/06\/IMG-20250604-WA0050-768x350.jpg 768w, https:\/\/higiene.edu.uy\/informacion-y-comunicacion\/wp-content\/uploads\/sites\/10\/2025\/06\/IMG-20250604-WA0050.jpg 1188w\" sizes=\"(max-width: 640px) 100vw, 640px\" \/>                                        <\/a>\n                                                                            <\/div>\n                                    \n                                    <div class=\"news-cont\">\n                                                                                <ul>\n                                                                                            <li><a href=\"https:\/\/higiene.edu.uy\/informacion-y-comunicacion\/2025\/06\/06\/\"><i class=\"flaticon-calendar\"><\/i>06 junio 2025 <\/a><\/li>\n                                                                                                                                        <li><i class=\"flaticon-user\"><\/i><a href=\"https:\/\/higiene.edu.uy\/informacion-y-comunicacion\/author\/cvalenzuela\/\"> cvalenzuela<\/a><\/li>\n                                                                                    <\/ul>\n                                                                                    <a href=\"https:\/\/higiene.edu.uy\/informacion-y-comunicacion\/2025\/06\/06\/taller-teorico-practico-de-busqueda-para-revisiones-sistematicas-fortaleciendo-la-investigacion-en-el-instituto-de-higiene\/\"><h3 class=\"news-title\">Taller te\u00f3rico-pr\u00e1ctico de b\u00fasqueda para revisiones sistem\u00e1ticas: fortaleciendo la investigaci\u00f3n en el Instituto de Higiene<\/h3><\/a>\n                                                                                                                                                                <div class=\"edubin-blog-readmore\">\n                                        <a href=\"https:\/\/higiene.edu.uy\/informacion-y-comunicacion\/2025\/06\/06\/taller-teorico-practico-de-busqueda-para-revisiones-sistematicas-fortaleciendo-la-investigacion-en-el-instituto-de-higiene\/\">Ver m\u00e1s<\/a>\n                                        <\/div>\n                                            \n                                    <\/div>\n                            <\/div> <!-- single news -->\n                        <\/div>\n          \n    \n                            \n                    \n              \n                        <div class=\" edubin-col-12 edubin-col-sm-6 edubin-col-md-6 edubin-col-lg-4 4 \">\n                            <div class=\"single-news\" >\n                                                                    <div class=\"news-thum\">\n                                        <a href=\"https:\/\/higiene.edu.uy\/informacion-y-comunicacion\/2025\/05\/12\/taller-teorico-practico-de-busqueda-para-revisiones-sistematicas-en-junio-proximo\/\">\n                                            <img loading=\"lazy\" decoding=\"async\" width=\"640\" height=\"360\" src=\"https:\/\/higiene.edu.uy\/informacion-y-comunicacion\/wp-content\/uploads\/sites\/10\/2025\/05\/banner-cochrane-1024x576.jpg\" class=\"attachment-large size-large wp-post-image\" alt=\"\" srcset=\"https:\/\/higiene.edu.uy\/informacion-y-comunicacion\/wp-content\/uploads\/sites\/10\/2025\/05\/banner-cochrane-1024x576.jpg 1024w, https:\/\/higiene.edu.uy\/informacion-y-comunicacion\/wp-content\/uploads\/sites\/10\/2025\/05\/banner-cochrane-300x169.jpg 300w, https:\/\/higiene.edu.uy\/informacion-y-comunicacion\/wp-content\/uploads\/sites\/10\/2025\/05\/banner-cochrane-768x432.jpg 768w, https:\/\/higiene.edu.uy\/informacion-y-comunicacion\/wp-content\/uploads\/sites\/10\/2025\/05\/banner-cochrane-1536x864.jpg 1536w, https:\/\/higiene.edu.uy\/informacion-y-comunicacion\/wp-content\/uploads\/sites\/10\/2025\/05\/banner-cochrane.jpg 1920w\" sizes=\"(max-width: 640px) 100vw, 640px\" \/>                                        <\/a>\n                                                                            <\/div>\n                                    \n                                    <div class=\"news-cont\">\n                                                                                <ul>\n                                                                                            <li><a href=\"https:\/\/higiene.edu.uy\/informacion-y-comunicacion\/2025\/05\/12\/\"><i class=\"flaticon-calendar\"><\/i>12 mayo 2025 <\/a><\/li>\n                                                                                                                                        <li><i class=\"flaticon-user\"><\/i><a href=\"https:\/\/higiene.edu.uy\/informacion-y-comunicacion\/author\/cvalenzuela\/\"> cvalenzuela<\/a><\/li>\n                                                                                    <\/ul>\n                                                                                    <a href=\"https:\/\/higiene.edu.uy\/informacion-y-comunicacion\/2025\/05\/12\/taller-teorico-practico-de-busqueda-para-revisiones-sistematicas-en-junio-proximo\/\"><h3 class=\"news-title\">Taller te\u00f3rico-pr\u00e1ctico de b\u00fasqueda para revisiones sistem\u00e1ticas en junio pr\u00f3ximo<\/h3><\/a>\n                                                                                                                                                                <div class=\"edubin-blog-readmore\">\n                                        <a href=\"https:\/\/higiene.edu.uy\/informacion-y-comunicacion\/2025\/05\/12\/taller-teorico-practico-de-busqueda-para-revisiones-sistematicas-en-junio-proximo\/\">Ver m\u00e1s<\/a>\n                                        <\/div>\n                                            \n                                    <\/div>\n                            <\/div> <!-- single news -->\n                        <\/div>\n          \n    \n                            \n                    \n              \n                        <div class=\" edubin-col-12 edubin-col-sm-6 edubin-col-md-6 edubin-col-lg-4 4 \">\n                            <div class=\"single-news\" >\n                                                                    <div class=\"news-thum\">\n                                        <a href=\"https:\/\/higiene.edu.uy\/informacion-y-comunicacion\/2025\/02\/03\/fomentando-la-lectura-recreativa-en-la-comunidad-un-espacio-para-el-bienestar-y-la-curiosidad-desde-el-campus-parque-batlle\/\">\n                                            <img loading=\"lazy\" decoding=\"async\" width=\"640\" height=\"480\" src=\"https:\/\/higiene.edu.uy\/informacion-y-comunicacion\/wp-content\/uploads\/sites\/10\/2025\/02\/IMG_5091-scaled-1-1024x768.jpeg\" class=\"attachment-large size-large wp-post-image\" alt=\"\" srcset=\"https:\/\/higiene.edu.uy\/informacion-y-comunicacion\/wp-content\/uploads\/sites\/10\/2025\/02\/IMG_5091-scaled-1-1024x768.jpeg 1024w, https:\/\/higiene.edu.uy\/informacion-y-comunicacion\/wp-content\/uploads\/sites\/10\/2025\/02\/IMG_5091-scaled-1-300x225.jpeg 300w, https:\/\/higiene.edu.uy\/informacion-y-comunicacion\/wp-content\/uploads\/sites\/10\/2025\/02\/IMG_5091-scaled-1-768x576.jpeg 768w, https:\/\/higiene.edu.uy\/informacion-y-comunicacion\/wp-content\/uploads\/sites\/10\/2025\/02\/IMG_5091-scaled-1-1536x1152.jpeg 1536w, https:\/\/higiene.edu.uy\/informacion-y-comunicacion\/wp-content\/uploads\/sites\/10\/2025\/02\/IMG_5091-scaled-1-2048x1536.jpeg 2048w\" sizes=\"(max-width: 640px) 100vw, 640px\" \/>                                        <\/a>\n                                                                            <\/div>\n                                    \n                                    <div class=\"news-cont\">\n                                                                                <ul>\n                                                                                            <li><a href=\"https:\/\/higiene.edu.uy\/informacion-y-comunicacion\/2025\/02\/03\/\"><i class=\"flaticon-calendar\"><\/i>03 febrero 2025 <\/a><\/li>\n                                                                                                                                        <li><i class=\"flaticon-user\"><\/i><a href=\"https:\/\/higiene.edu.uy\/informacion-y-comunicacion\/author\/cvalenzuela\/\"> cvalenzuela<\/a><\/li>\n                                                                                    <\/ul>\n                                                                                    <a href=\"https:\/\/higiene.edu.uy\/informacion-y-comunicacion\/2025\/02\/03\/fomentando-la-lectura-recreativa-en-la-comunidad-un-espacio-para-el-bienestar-y-la-curiosidad-desde-el-campus-parque-batlle\/\"><h3 class=\"news-title\">Fomentando la lectura recreativa en la comunidad: un espacio para el bienestar y la curiosidad<\/h3><\/a>\n                                                                                                                                                                <div class=\"edubin-blog-readmore\">\n                                        <a href=\"https:\/\/higiene.edu.uy\/informacion-y-comunicacion\/2025\/02\/03\/fomentando-la-lectura-recreativa-en-la-comunidad-un-espacio-para-el-bienestar-y-la-curiosidad-desde-el-campus-parque-batlle\/\">Ver m\u00e1s<\/a>\n                                        <\/div>\n                                            \n                                    <\/div>\n                            <\/div> <!-- single news -->\n                        <\/div>\n          \n    \n                            \n                    \n              \n                        <div class=\" edubin-col-12 edubin-col-sm-6 edubin-col-md-6 edubin-col-lg-4 4 \">\n                            <div class=\"single-news\" >\n                                                                    <div class=\"news-thum\">\n                                        <a href=\"https:\/\/higiene.edu.uy\/informacion-y-comunicacion\/2024\/05\/14\/inauguracion-de-la-biblioteca-de-literatura-y-recreacion-en-el-instituto-de-higiene\/\">\n                                            <img loading=\"lazy\" decoding=\"async\" width=\"640\" height=\"853\" src=\"https:\/\/higiene.edu.uy\/informacion-y-comunicacion\/wp-content\/uploads\/sites\/10\/2024\/05\/WhatsApp-Image-2024-05-06-at-16.44.06-2-768x1024.jpeg\" class=\"attachment-large size-large wp-post-image\" alt=\"\" srcset=\"https:\/\/higiene.edu.uy\/informacion-y-comunicacion\/wp-content\/uploads\/sites\/10\/2024\/05\/WhatsApp-Image-2024-05-06-at-16.44.06-2-768x1024.jpeg 768w, https:\/\/higiene.edu.uy\/informacion-y-comunicacion\/wp-content\/uploads\/sites\/10\/2024\/05\/WhatsApp-Image-2024-05-06-at-16.44.06-2-225x300.jpeg 225w, https:\/\/higiene.edu.uy\/informacion-y-comunicacion\/wp-content\/uploads\/sites\/10\/2024\/05\/WhatsApp-Image-2024-05-06-at-16.44.06-2-1152x1536.jpeg 1152w, https:\/\/higiene.edu.uy\/informacion-y-comunicacion\/wp-content\/uploads\/sites\/10\/2024\/05\/WhatsApp-Image-2024-05-06-at-16.44.06-2.jpeg 1536w\" sizes=\"(max-width: 640px) 100vw, 640px\" \/>                                        <\/a>\n                                                                            <\/div>\n                                    \n                                    <div class=\"news-cont\">\n                                                                                <ul>\n                                                                                            <li><a href=\"https:\/\/higiene.edu.uy\/informacion-y-comunicacion\/2024\/05\/14\/\"><i class=\"flaticon-calendar\"><\/i>14 mayo 2024 <\/a><\/li>\n                                                                                                                                        <li><i class=\"flaticon-user\"><\/i><a href=\"https:\/\/higiene.edu.uy\/informacion-y-comunicacion\/author\/cvalenzuela\/\"> cvalenzuela<\/a><\/li>\n                                                                                    <\/ul>\n                                                                                    <a href=\"https:\/\/higiene.edu.uy\/informacion-y-comunicacion\/2024\/05\/14\/inauguracion-de-la-biblioteca-de-literatura-y-recreacion-en-el-instituto-de-higiene\/\"><h3 class=\"news-title\">Inauguraci\u00f3n de la Biblioteca de Literatura y Recreaci\u00f3n en el Instituto de Higiene.<\/h3><\/a>\n                                                                                                                                                                <div class=\"edubin-blog-readmore\">\n                                        <a href=\"https:\/\/higiene.edu.uy\/informacion-y-comunicacion\/2024\/05\/14\/inauguracion-de-la-biblioteca-de-literatura-y-recreacion-en-el-instituto-de-higiene\/\">Ver m\u00e1s<\/a>\n                                        <\/div>\n                                            \n                                    <\/div>\n                            <\/div> <!-- single news -->\n                        <\/div>\n          \n    \n                            \n                    \n              \n                        <div class=\" edubin-col-12 edubin-col-sm-6 edubin-col-md-6 edubin-col-lg-4 4 \">\n                            <div class=\"single-news\" >\n                                                                    <div class=\"news-thum\">\n                                        <a href=\"https:\/\/higiene.edu.uy\/informacion-y-comunicacion\/2023\/12\/07\/capacitacion-en-edicion-electronica-de-revistas-cientificas-nacionales\/\">\n                                            <img loading=\"lazy\" decoding=\"async\" width=\"640\" height=\"480\" src=\"https:\/\/higiene.edu.uy\/informacion-y-comunicacion\/wp-content\/uploads\/sites\/10\/2023\/12\/WhatsApp-Image-2023-12-05-at-09.29.05.jpeg\" class=\"attachment-large size-large wp-post-image\" alt=\"\" srcset=\"https:\/\/higiene.edu.uy\/informacion-y-comunicacion\/wp-content\/uploads\/sites\/10\/2023\/12\/WhatsApp-Image-2023-12-05-at-09.29.05.jpeg 1024w, https:\/\/higiene.edu.uy\/informacion-y-comunicacion\/wp-content\/uploads\/sites\/10\/2023\/12\/WhatsApp-Image-2023-12-05-at-09.29.05-300x225.jpeg 300w, https:\/\/higiene.edu.uy\/informacion-y-comunicacion\/wp-content\/uploads\/sites\/10\/2023\/12\/WhatsApp-Image-2023-12-05-at-09.29.05-768x576.jpeg 768w\" sizes=\"(max-width: 640px) 100vw, 640px\" \/>                                        <\/a>\n                                                                            <\/div>\n                                    \n                                    <div class=\"news-cont\">\n                                                                                <ul>\n                                                                                            <li><a href=\"https:\/\/higiene.edu.uy\/informacion-y-comunicacion\/2023\/12\/07\/\"><i class=\"flaticon-calendar\"><\/i>07 diciembre 2023 <\/a><\/li>\n                                                                                                                                        <li><i class=\"flaticon-user\"><\/i><a href=\"https:\/\/higiene.edu.uy\/informacion-y-comunicacion\/author\/cvalenzuela\/\"> cvalenzuela<\/a><\/li>\n                                                                                    <\/ul>\n                                                                                    <a href=\"https:\/\/higiene.edu.uy\/informacion-y-comunicacion\/2023\/12\/07\/capacitacion-en-edicion-electronica-de-revistas-cientificas-nacionales\/\"><h3 class=\"news-title\">Capacitaci\u00f3n en edici\u00f3n electr\u00f3nica de revistas cient\u00edficas nacionales<\/h3><\/a>\n                                                                                                                                                                <div class=\"edubin-blog-readmore\">\n                                        <a href=\"https:\/\/higiene.edu.uy\/informacion-y-comunicacion\/2023\/12\/07\/capacitacion-en-edicion-electronica-de-revistas-cientificas-nacionales\/\">Ver m\u00e1s<\/a>\n                                        <\/div>\n                                            \n                                    <\/div>\n                            <\/div> <!-- single news -->\n                        <\/div>\n          \n    \n                            \n                    \n              \n                        <div class=\" edubin-col-12 edubin-col-sm-6 edubin-col-md-6 edubin-col-lg-4 4 \">\n                            <div class=\"single-news\" >\n                                                                    <div class=\"news-thum\">\n                                        <a href=\"https:\/\/higiene.edu.uy\/informacion-y-comunicacion\/2023\/05\/12\/necesitas-crear-tu-perfil-o-actualizar-tu-curriculum-curso-practico\/\">\n                                            <img loading=\"lazy\" decoding=\"async\" width=\"640\" height=\"905\" src=\"https:\/\/higiene.edu.uy\/informacion-y-comunicacion\/wp-content\/uploads\/sites\/10\/2023\/05\/TALLER-CVUY-724x1024.png\" class=\"attachment-large size-large wp-post-image\" alt=\"\" srcset=\"https:\/\/higiene.edu.uy\/informacion-y-comunicacion\/wp-content\/uploads\/sites\/10\/2023\/05\/TALLER-CVUY-724x1024.png 724w, https:\/\/higiene.edu.uy\/informacion-y-comunicacion\/wp-content\/uploads\/sites\/10\/2023\/05\/TALLER-CVUY-212x300.png 212w, https:\/\/higiene.edu.uy\/informacion-y-comunicacion\/wp-content\/uploads\/sites\/10\/2023\/05\/TALLER-CVUY-768x1086.png 768w, https:\/\/higiene.edu.uy\/informacion-y-comunicacion\/wp-content\/uploads\/sites\/10\/2023\/05\/TALLER-CVUY-1086x1536.png 1086w, https:\/\/higiene.edu.uy\/informacion-y-comunicacion\/wp-content\/uploads\/sites\/10\/2023\/05\/TALLER-CVUY-1448x2048.png 1448w, https:\/\/higiene.edu.uy\/informacion-y-comunicacion\/wp-content\/uploads\/sites\/10\/2023\/05\/TALLER-CVUY.png 1587w\" sizes=\"(max-width: 640px) 100vw, 640px\" \/>                                        <\/a>\n                                                                            <\/div>\n                                    \n                                    <div class=\"news-cont\">\n                                                                                <ul>\n                                                                                            <li><a href=\"https:\/\/higiene.edu.uy\/informacion-y-comunicacion\/2023\/05\/12\/\"><i class=\"flaticon-calendar\"><\/i>12 mayo 2023 <\/a><\/li>\n                                                                                                                                        <li><i class=\"flaticon-user\"><\/i><a href=\"https:\/\/higiene.edu.uy\/informacion-y-comunicacion\/author\/cvalenzuela\/\"> cvalenzuela<\/a><\/li>\n                                                                                    <\/ul>\n                                                                                    <a href=\"https:\/\/higiene.edu.uy\/informacion-y-comunicacion\/2023\/05\/12\/necesitas-crear-tu-perfil-o-actualizar-tu-curriculum-curso-practico\/\"><h3 class=\"news-title\">\u00bfNecesitas crear tu perfil o actualizar tu Curriculum? Curso pr\u00e1ctico<\/h3><\/a>\n                                                                                                                                                                <div class=\"edubin-blog-readmore\">\n                                        <a href=\"https:\/\/higiene.edu.uy\/informacion-y-comunicacion\/2023\/05\/12\/necesitas-crear-tu-perfil-o-actualizar-tu-curriculum-curso-practico\/\">Ver m\u00e1s<\/a>\n                                        <\/div>\n                                            \n                                    <\/div>\n                            <\/div> <!-- single news -->\n                        <\/div>\n          \n    \n                            \n                    \n              \n                        <div class=\" edubin-col-12 edubin-col-sm-6 edubin-col-md-6 edubin-col-lg-4 4 \">\n                            <div class=\"single-news\" >\n                                                                    <div class=\"news-thum\">\n                                        <a href=\"https:\/\/higiene.edu.uy\/informacion-y-comunicacion\/2023\/04\/14\/curso-taller-conociendo-el-catalogo-de-bibliotecas-universitarias-biur\/\">\n                                            <img loading=\"lazy\" decoding=\"async\" width=\"640\" height=\"360\" src=\"https:\/\/higiene.edu.uy\/informacion-y-comunicacion\/wp-content\/uploads\/sites\/10\/2023\/04\/foto-portada.jpg\" class=\"attachment-large size-large wp-post-image\" alt=\"\" srcset=\"https:\/\/higiene.edu.uy\/informacion-y-comunicacion\/wp-content\/uploads\/sites\/10\/2023\/04\/foto-portada.jpg 799w, https:\/\/higiene.edu.uy\/informacion-y-comunicacion\/wp-content\/uploads\/sites\/10\/2023\/04\/foto-portada-300x169.jpg 300w, https:\/\/higiene.edu.uy\/informacion-y-comunicacion\/wp-content\/uploads\/sites\/10\/2023\/04\/foto-portada-768x433.jpg 768w\" sizes=\"(max-width: 640px) 100vw, 640px\" \/>                                        <\/a>\n                                                                            <\/div>\n                                    \n                                    <div class=\"news-cont\">\n                                                                                <ul>\n                                                                                            <li><a href=\"https:\/\/higiene.edu.uy\/informacion-y-comunicacion\/2023\/04\/14\/\"><i class=\"flaticon-calendar\"><\/i>14 abril 2023 <\/a><\/li>\n                                                                                                                                        <li><i class=\"flaticon-user\"><\/i><a href=\"https:\/\/higiene.edu.uy\/informacion-y-comunicacion\/author\/cvalenzuela\/\"> cvalenzuela<\/a><\/li>\n                                                                                    <\/ul>\n                                                                                    <a href=\"https:\/\/higiene.edu.uy\/informacion-y-comunicacion\/2023\/04\/14\/curso-taller-conociendo-el-catalogo-de-bibliotecas-universitarias-biur\/\"><h3 class=\"news-title\">Curso-Taller \u00abConociendo el Cat\u00e1logo de Bibliotecas Universitarias BiUR\u00bb<\/h3><\/a>\n                                                                                                                                                                <div class=\"edubin-blog-readmore\">\n                                        <a href=\"https:\/\/higiene.edu.uy\/informacion-y-comunicacion\/2023\/04\/14\/curso-taller-conociendo-el-catalogo-de-bibliotecas-universitarias-biur\/\">Ver m\u00e1s<\/a>\n                                        <\/div>\n                                            \n                                    <\/div>\n                            <\/div> <!-- single news -->\n                        <\/div>\n          \n    \n                            \n                    \n              \n                        <div class=\" edubin-col-12 edubin-col-sm-6 edubin-col-md-6 edubin-col-lg-4 4 \">\n                            <div class=\"single-news\" >\n                                                                    <div class=\"news-thum\">\n                                        <a href=\"https:\/\/higiene.edu.uy\/informacion-y-comunicacion\/2023\/03\/13\/conoces-el-catalogo-biur\/\">\n                                            <img loading=\"lazy\" decoding=\"async\" width=\"640\" height=\"905\" src=\"https:\/\/higiene.edu.uy\/informacion-y-comunicacion\/wp-content\/uploads\/sites\/10\/2023\/03\/CURSO-BIUR-724x1024.png\" class=\"attachment-large size-large wp-post-image\" alt=\"\" srcset=\"https:\/\/higiene.edu.uy\/informacion-y-comunicacion\/wp-content\/uploads\/sites\/10\/2023\/03\/CURSO-BIUR-724x1024.png 724w, https:\/\/higiene.edu.uy\/informacion-y-comunicacion\/wp-content\/uploads\/sites\/10\/2023\/03\/CURSO-BIUR-212x300.png 212w, https:\/\/higiene.edu.uy\/informacion-y-comunicacion\/wp-content\/uploads\/sites\/10\/2023\/03\/CURSO-BIUR-768x1086.png 768w, https:\/\/higiene.edu.uy\/informacion-y-comunicacion\/wp-content\/uploads\/sites\/10\/2023\/03\/CURSO-BIUR-1086x1536.png 1086w, https:\/\/higiene.edu.uy\/informacion-y-comunicacion\/wp-content\/uploads\/sites\/10\/2023\/03\/CURSO-BIUR-1448x2048.png 1448w, https:\/\/higiene.edu.uy\/informacion-y-comunicacion\/wp-content\/uploads\/sites\/10\/2023\/03\/CURSO-BIUR.png 1587w\" sizes=\"(max-width: 640px) 100vw, 640px\" \/>                                        <\/a>\n                                                                            <\/div>\n                                    \n                                    <div class=\"news-cont\">\n                                                                                <ul>\n                                                                                            <li><a href=\"https:\/\/higiene.edu.uy\/informacion-y-comunicacion\/2023\/03\/13\/\"><i class=\"flaticon-calendar\"><\/i>13 marzo 2023 <\/a><\/li>\n                                                                                                                                        <li><i class=\"flaticon-user\"><\/i><a href=\"https:\/\/higiene.edu.uy\/informacion-y-comunicacion\/author\/cvalenzuela\/\"> cvalenzuela<\/a><\/li>\n                                                                                    <\/ul>\n                                                                                    <a href=\"https:\/\/higiene.edu.uy\/informacion-y-comunicacion\/2023\/03\/13\/conoces-el-catalogo-biur\/\"><h3 class=\"news-title\">\u00bfConoc\u00e9s el Cat\u00e1logo BIUR?<\/h3><\/a>\n                                                                                                                                                                <div class=\"edubin-blog-readmore\">\n                                        <a href=\"https:\/\/higiene.edu.uy\/informacion-y-comunicacion\/2023\/03\/13\/conoces-el-catalogo-biur\/\">Ver m\u00e1s<\/a>\n                                        <\/div>\n                                            \n                                    <\/div>\n                            <\/div> <!-- single news -->\n                        <\/div>\n          \n    \n                            \n                    \n              \n                        <div class=\" edubin-col-12 edubin-col-sm-6 edubin-col-md-6 edubin-col-lg-4 4 \">\n                            <div class=\"single-news\" >\n                                                                    <div class=\"news-thum\">\n                                        <a href=\"https:\/\/higiene.edu.uy\/informacion-y-comunicacion\/2023\/03\/07\/comienzos-de-cursos-en-biblioteca-ih\/\">\n                                            <img loading=\"lazy\" decoding=\"async\" width=\"640\" height=\"453\" src=\"https:\/\/higiene.edu.uy\/informacion-y-comunicacion\/wp-content\/uploads\/sites\/10\/2023\/03\/afiche-inicio-clases-1024x724.png\" class=\"attachment-large size-large wp-post-image\" alt=\"\" srcset=\"https:\/\/higiene.edu.uy\/informacion-y-comunicacion\/wp-content\/uploads\/sites\/10\/2023\/03\/afiche-inicio-clases-1024x724.png 1024w, https:\/\/higiene.edu.uy\/informacion-y-comunicacion\/wp-content\/uploads\/sites\/10\/2023\/03\/afiche-inicio-clases-300x212.png 300w, https:\/\/higiene.edu.uy\/informacion-y-comunicacion\/wp-content\/uploads\/sites\/10\/2023\/03\/afiche-inicio-clases-768x543.png 768w, https:\/\/higiene.edu.uy\/informacion-y-comunicacion\/wp-content\/uploads\/sites\/10\/2023\/03\/afiche-inicio-clases-1536x1086.png 1536w, https:\/\/higiene.edu.uy\/informacion-y-comunicacion\/wp-content\/uploads\/sites\/10\/2023\/03\/afiche-inicio-clases.png 2000w\" sizes=\"(max-width: 640px) 100vw, 640px\" \/>                                        <\/a>\n                                                                            <\/div>\n                                    \n                                    <div class=\"news-cont\">\n                                                                                <ul>\n                                                                                            <li><a href=\"https:\/\/higiene.edu.uy\/informacion-y-comunicacion\/2023\/03\/07\/\"><i class=\"flaticon-calendar\"><\/i>07 marzo 2023 <\/a><\/li>\n                                                                                                                                        <li><i class=\"flaticon-user\"><\/i><a href=\"https:\/\/higiene.edu.uy\/informacion-y-comunicacion\/author\/cvalenzuela\/\"> cvalenzuela<\/a><\/li>\n                                                                                    <\/ul>\n                                                                                    <a href=\"https:\/\/higiene.edu.uy\/informacion-y-comunicacion\/2023\/03\/07\/comienzos-de-cursos-en-biblioteca-ih\/\"><h3 class=\"news-title\">Comienzos de cursos en biblioteca IH<\/h3><\/a>\n                                                                                                                                                                <div class=\"edubin-blog-readmore\">\n                                        <a href=\"https:\/\/higiene.edu.uy\/informacion-y-comunicacion\/2023\/03\/07\/comienzos-de-cursos-en-biblioteca-ih\/\">Ver m\u00e1s<\/a>\n                                        <\/div>\n                                            \n                                    <\/div>\n                            <\/div> <!-- single news -->\n                        <\/div>\n          \n    \n                            \n                    \n              \n                        <div class=\" edubin-col-12 edubin-col-sm-6 edubin-col-md-6 edubin-col-lg-4 4 \">\n                            <div class=\"single-news\" >\n                                                                    <div class=\"news-thum\">\n                                        <a href=\"https:\/\/higiene.edu.uy\/informacion-y-comunicacion\/2022\/12\/20\/felices-fiestas-desde-biblioteca-ih\/\">\n                                            <img loading=\"lazy\" decoding=\"async\" width=\"640\" height=\"454\" src=\"https:\/\/higiene.edu.uy\/informacion-y-comunicacion\/wp-content\/uploads\/sites\/10\/2022\/12\/WhatsApp-Image-2022-12-20-at-11.26.44-AM-1024x726.jpeg\" class=\"attachment-large size-large wp-post-image\" alt=\"\" srcset=\"https:\/\/higiene.edu.uy\/informacion-y-comunicacion\/wp-content\/uploads\/sites\/10\/2022\/12\/WhatsApp-Image-2022-12-20-at-11.26.44-AM-1024x726.jpeg 1024w, https:\/\/higiene.edu.uy\/informacion-y-comunicacion\/wp-content\/uploads\/sites\/10\/2022\/12\/WhatsApp-Image-2022-12-20-at-11.26.44-AM-300x213.jpeg 300w, https:\/\/higiene.edu.uy\/informacion-y-comunicacion\/wp-content\/uploads\/sites\/10\/2022\/12\/WhatsApp-Image-2022-12-20-at-11.26.44-AM-768x545.jpeg 768w, https:\/\/higiene.edu.uy\/informacion-y-comunicacion\/wp-content\/uploads\/sites\/10\/2022\/12\/WhatsApp-Image-2022-12-20-at-11.26.44-AM-1536x1090.jpeg 1536w, https:\/\/higiene.edu.uy\/informacion-y-comunicacion\/wp-content\/uploads\/sites\/10\/2022\/12\/WhatsApp-Image-2022-12-20-at-11.26.44-AM.jpeg 1600w\" sizes=\"(max-width: 640px) 100vw, 640px\" \/>                                        <\/a>\n                                                                            <\/div>\n                                    \n                                    <div class=\"news-cont\">\n                                                                                <ul>\n                                                                                            <li><a href=\"https:\/\/higiene.edu.uy\/informacion-y-comunicacion\/2022\/12\/20\/\"><i class=\"flaticon-calendar\"><\/i>20 diciembre 2022 <\/a><\/li>\n                                                                                                                                        <li><i class=\"flaticon-user\"><\/i><a href=\"https:\/\/higiene.edu.uy\/informacion-y-comunicacion\/author\/cvalenzuela\/\"> cvalenzuela<\/a><\/li>\n                                                                                    <\/ul>\n                                                                                    <a href=\"https:\/\/higiene.edu.uy\/informacion-y-comunicacion\/2022\/12\/20\/felices-fiestas-desde-biblioteca-ih\/\"><h3 class=\"news-title\">Felices Fiestas desde Biblioteca IH<\/h3><\/a>\n                                                                                                                                                                <div class=\"edubin-blog-readmore\">\n                                        <a href=\"https:\/\/higiene.edu.uy\/informacion-y-comunicacion\/2022\/12\/20\/felices-fiestas-desde-biblioteca-ih\/\">Ver m\u00e1s<\/a>\n                                        <\/div>\n                                            \n                                    <\/div>\n                            <\/div> <!-- single news -->\n                        <\/div>\n          \n    \n                            \n                    \n              \n                        <div class=\" edubin-col-12 edubin-col-sm-6 edubin-col-md-6 edubin-col-lg-4 4 \">\n                            <div class=\"single-news\" >\n                                                                    <div class=\"news-thum\">\n                                        <a href=\"https:\/\/higiene.edu.uy\/informacion-y-comunicacion\/2022\/09\/05\/2a-edicion-curso-taller-busquedas-bibliograficas-eficientes-en-salud-2\/\">\n                                            <img loading=\"lazy\" decoding=\"async\" width=\"640\" height=\"480\" src=\"https:\/\/higiene.edu.uy\/informacion-y-comunicacion\/wp-content\/uploads\/sites\/10\/2022\/09\/WhatsApp-Image-2022-09-05-at-12.51.03-PM-3.jpeg\" class=\"attachment-large size-large wp-post-image\" alt=\"\" srcset=\"https:\/\/higiene.edu.uy\/informacion-y-comunicacion\/wp-content\/uploads\/sites\/10\/2022\/09\/WhatsApp-Image-2022-09-05-at-12.51.03-PM-3.jpeg 1024w, https:\/\/higiene.edu.uy\/informacion-y-comunicacion\/wp-content\/uploads\/sites\/10\/2022\/09\/WhatsApp-Image-2022-09-05-at-12.51.03-PM-3-300x225.jpeg 300w, https:\/\/higiene.edu.uy\/informacion-y-comunicacion\/wp-content\/uploads\/sites\/10\/2022\/09\/WhatsApp-Image-2022-09-05-at-12.51.03-PM-3-768x576.jpeg 768w\" sizes=\"(max-width: 640px) 100vw, 640px\" \/>                                        <\/a>\n                                                                            <\/div>\n                                    \n                                    <div class=\"news-cont\">\n                                                                                <ul>\n                                                                                            <li><a href=\"https:\/\/higiene.edu.uy\/informacion-y-comunicacion\/2022\/09\/05\/\"><i class=\"flaticon-calendar\"><\/i>05 septiembre 2022 <\/a><\/li>\n                                                                                                                                        <li><i class=\"flaticon-user\"><\/i><a href=\"https:\/\/higiene.edu.uy\/informacion-y-comunicacion\/author\/cvalenzuela\/\"> cvalenzuela<\/a><\/li>\n                                                                                    <\/ul>\n                                                                                    <a href=\"https:\/\/higiene.edu.uy\/informacion-y-comunicacion\/2022\/09\/05\/2a-edicion-curso-taller-busquedas-bibliograficas-eficientes-en-salud-2\/\"><h3 class=\"news-title\">2a. edici\u00f3n Curso-Taller \u00abB\u00fasquedas bibliogr\u00e1ficas eficientes en salud\u00bb<\/h3><\/a>\n                                                                                                                                                                <div class=\"edubin-blog-readmore\">\n                                        <a href=\"https:\/\/higiene.edu.uy\/informacion-y-comunicacion\/2022\/09\/05\/2a-edicion-curso-taller-busquedas-bibliograficas-eficientes-en-salud-2\/\">Ver m\u00e1s<\/a>\n                                        <\/div>\n                                            \n                                    <\/div>\n                            <\/div> <!-- single news -->\n                        <\/div>\n          \n    \n                            \n                    \n              \n                        <div class=\" edubin-col-12 edubin-col-sm-6 edubin-col-md-6 edubin-col-lg-4 4 \">\n                            <div class=\"single-news\" >\n                                                                    <div class=\"news-thum\">\n                                        <a href=\"https:\/\/higiene.edu.uy\/informacion-y-comunicacion\/2022\/08\/19\/2a-edicion-curso-taller-busquedas-bibliograficas-eficientes-en-salud\/\">\n                                            <img loading=\"lazy\" decoding=\"async\" width=\"640\" height=\"640\" src=\"https:\/\/higiene.edu.uy\/informacion-y-comunicacion\/wp-content\/uploads\/sites\/10\/2022\/08\/curso-setiembre-1024x1024.png\" class=\"attachment-large size-large wp-post-image\" alt=\"\" srcset=\"https:\/\/higiene.edu.uy\/informacion-y-comunicacion\/wp-content\/uploads\/sites\/10\/2022\/08\/curso-setiembre-1024x1024.png 1024w, https:\/\/higiene.edu.uy\/informacion-y-comunicacion\/wp-content\/uploads\/sites\/10\/2022\/08\/curso-setiembre-300x300.png 300w, https:\/\/higiene.edu.uy\/informacion-y-comunicacion\/wp-content\/uploads\/sites\/10\/2022\/08\/curso-setiembre-150x150.png 150w, https:\/\/higiene.edu.uy\/informacion-y-comunicacion\/wp-content\/uploads\/sites\/10\/2022\/08\/curso-setiembre-768x768.png 768w, https:\/\/higiene.edu.uy\/informacion-y-comunicacion\/wp-content\/uploads\/sites\/10\/2022\/08\/curso-setiembre-100x100.png 100w, https:\/\/higiene.edu.uy\/informacion-y-comunicacion\/wp-content\/uploads\/sites\/10\/2022\/08\/curso-setiembre.png 1080w\" sizes=\"(max-width: 640px) 100vw, 640px\" \/>                                        <\/a>\n                                                                            <\/div>\n                                    \n                                    <div class=\"news-cont\">\n                                                                                <ul>\n                                                                                            <li><a href=\"https:\/\/higiene.edu.uy\/informacion-y-comunicacion\/2022\/08\/19\/\"><i class=\"flaticon-calendar\"><\/i>19 agosto 2022 <\/a><\/li>\n                                                                                                                                        <li><i class=\"flaticon-user\"><\/i><a href=\"https:\/\/higiene.edu.uy\/informacion-y-comunicacion\/author\/cvalenzuela\/\"> cvalenzuela<\/a><\/li>\n                                                                                    <\/ul>\n                                                                                    <a href=\"https:\/\/higiene.edu.uy\/informacion-y-comunicacion\/2022\/08\/19\/2a-edicion-curso-taller-busquedas-bibliograficas-eficientes-en-salud\/\"><h3 class=\"news-title\">2a. edici\u00f3n Curso-Taller \u00abB\u00fasquedas bibliogr\u00e1ficas eficientes en salud\u00bb<\/h3><\/a>\n                                                                                                                                                                <div class=\"edubin-blog-readmore\">\n                                        <a href=\"https:\/\/higiene.edu.uy\/informacion-y-comunicacion\/2022\/08\/19\/2a-edicion-curso-taller-busquedas-bibliograficas-eficientes-en-salud\/\">Ver m\u00e1s<\/a>\n                                        <\/div>\n                                            \n                                    <\/div>\n                            <\/div> <!-- single news -->\n                        <\/div>\n          \n    \n                            \n                    \n              \n                        <div class=\" edubin-col-12 edubin-col-sm-6 edubin-col-md-6 edubin-col-lg-4 4 \">\n                            <div class=\"single-news\" >\n                                                                    <div class=\"news-thum\">\n                                        <a href=\"https:\/\/higiene.edu.uy\/informacion-y-comunicacion\/2022\/07\/22\/biblioteca-servicios\/\">\n                                            <img loading=\"lazy\" decoding=\"async\" width=\"532\" height=\"227\" src=\"https:\/\/higiene.edu.uy\/informacion-y-comunicacion\/wp-content\/uploads\/sites\/10\/2022\/07\/portADA.png\" class=\"attachment-large size-large wp-post-image\" alt=\"\" srcset=\"https:\/\/higiene.edu.uy\/informacion-y-comunicacion\/wp-content\/uploads\/sites\/10\/2022\/07\/portADA.png 532w, https:\/\/higiene.edu.uy\/informacion-y-comunicacion\/wp-content\/uploads\/sites\/10\/2022\/07\/portADA-300x128.png 300w\" sizes=\"(max-width: 532px) 100vw, 532px\" \/>                                        <\/a>\n                                                                            <\/div>\n                                    \n                                    <div class=\"news-cont\">\n                                                                                <ul>\n                                                                                            <li><a href=\"https:\/\/higiene.edu.uy\/informacion-y-comunicacion\/2022\/07\/22\/\"><i class=\"flaticon-calendar\"><\/i>22 julio 2022 <\/a><\/li>\n                                                                                                                                        <li><i class=\"flaticon-user\"><\/i><a href=\"https:\/\/higiene.edu.uy\/informacion-y-comunicacion\/author\/cvalenzuela\/\"> cvalenzuela<\/a><\/li>\n                                                                                    <\/ul>\n                                                                                    <a href=\"https:\/\/higiene.edu.uy\/informacion-y-comunicacion\/2022\/07\/22\/biblioteca-servicios\/\"><h3 class=\"news-title\">Biblioteca &#8211; Servicios<\/h3><\/a>\n                                                                                                                                                                <div class=\"edubin-blog-readmore\">\n                                        <a href=\"https:\/\/higiene.edu.uy\/informacion-y-comunicacion\/2022\/07\/22\/biblioteca-servicios\/\">Ver m\u00e1s<\/a>\n                                        <\/div>\n                                            \n                                    <\/div>\n                            <\/div> <!-- single news -->\n                        <\/div>\n          \n    \n                            \n                    \n              \n                        <div class=\" edubin-col-12 edubin-col-sm-6 edubin-col-md-6 edubin-col-lg-4 4 \">\n                            <div class=\"single-news\" >\n                                                                    <div class=\"news-thum\">\n                                        <a href=\"https:\/\/higiene.edu.uy\/informacion-y-comunicacion\/2022\/05\/26\/26-de-mayo-dia-nacional-del-libro\/\">\n                                            <img loading=\"lazy\" decoding=\"async\" width=\"640\" height=\"360\" src=\"https:\/\/higiene.edu.uy\/informacion-y-comunicacion\/wp-content\/uploads\/sites\/10\/2022\/05\/dia-del-libro-1-1024x576.jpg\" class=\"attachment-large size-large wp-post-image\" alt=\"\" srcset=\"https:\/\/higiene.edu.uy\/informacion-y-comunicacion\/wp-content\/uploads\/sites\/10\/2022\/05\/dia-del-libro-1-1024x576.jpg 1024w, https:\/\/higiene.edu.uy\/informacion-y-comunicacion\/wp-content\/uploads\/sites\/10\/2022\/05\/dia-del-libro-1-300x169.jpg 300w, https:\/\/higiene.edu.uy\/informacion-y-comunicacion\/wp-content\/uploads\/sites\/10\/2022\/05\/dia-del-libro-1-768x432.jpg 768w, https:\/\/higiene.edu.uy\/informacion-y-comunicacion\/wp-content\/uploads\/sites\/10\/2022\/05\/dia-del-libro-1.jpg 1280w\" sizes=\"(max-width: 640px) 100vw, 640px\" \/>                                        <\/a>\n                                                                            <\/div>\n                                    \n                                    <div class=\"news-cont\">\n                                                                                <ul>\n                                                                                            <li><a href=\"https:\/\/higiene.edu.uy\/informacion-y-comunicacion\/2022\/05\/26\/\"><i class=\"flaticon-calendar\"><\/i>26 mayo 2022 <\/a><\/li>\n                                                                                                                                        <li><i class=\"flaticon-user\"><\/i><a href=\"https:\/\/higiene.edu.uy\/informacion-y-comunicacion\/author\/cvalenzuela\/\"> cvalenzuela<\/a><\/li>\n                                                                                    <\/ul>\n                                                                                    <a href=\"https:\/\/higiene.edu.uy\/informacion-y-comunicacion\/2022\/05\/26\/26-de-mayo-dia-nacional-del-libro\/\"><h3 class=\"news-title\">26 de mayo D\u00eda Nacional del Libro<\/h3><\/a>\n                                                                                                                                                                <div class=\"edubin-blog-readmore\">\n                                        <a href=\"https:\/\/higiene.edu.uy\/informacion-y-comunicacion\/2022\/05\/26\/26-de-mayo-dia-nacional-del-libro\/\">Ver m\u00e1s<\/a>\n                                        <\/div>\n                                            \n                                    <\/div>\n                            <\/div> <!-- single news -->\n                        <\/div>\n          \n    \n                            \n                                                     <\/div>\n    \n        \n            \t\t\t\t<\/div>\n\t\t\t\t<\/div>\n\t\t\t\t\t<\/div>\n\t\t<\/div>\n\t\t\t\t\t<\/div>\n\t\t<\/section>\n\t\t\t\t<\/div>\n\t\t","protected":false},"excerpt":{"rendered":"<p>Inicio Acerca de nosotros Equipo \u00c1reas Informaci\u00f3n \u2013 Biblioteca Comunicaci\u00f3n Proyectos Institucionales Novedades Latindex Talleres Inicio Acerca de nosotros Equipo&#8230;<\/p>\n","protected":false},"author":1,"featured_media":0,"parent":0,"menu_order":0,"comment_status":"closed","ping_status":"closed","template":"","meta":{"_acf_changed":false,"footnotes":""},"class_list":["post-9081","page","type-page","status-publish","hentry"],"acf":[],"_links":{"self":[{"href":"https:\/\/higiene.edu.uy\/informacion-y-comunicacion\/wp-json\/wp\/v2\/pages\/9081","targetHints":{"allow":["GET"]}}],"collection":[{"href":"https:\/\/higiene.edu.uy\/informacion-y-comunicacion\/wp-json\/wp\/v2\/pages"}],"about":[{"href":"https:\/\/higiene.edu.uy\/informacion-y-comunicacion\/wp-json\/wp\/v2\/types\/page"}],"author":[{"embeddable":true,"href":"https:\/\/higiene.edu.uy\/informacion-y-comunicacion\/wp-json\/wp\/v2\/users\/1"}],"replies":[{"embeddable":true,"href":"https:\/\/higiene.edu.uy\/informacion-y-comunicacion\/wp-json\/wp\/v2\/comments?post=9081"}],"version-history":[{"count":28,"href":"https:\/\/higiene.edu.uy\/informacion-y-comunicacion\/wp-json\/wp\/v2\/pages\/9081\/revisions"}],"predecessor-version":[{"id":10097,"href":"https:\/\/higiene.edu.uy\/informacion-y-comunicacion\/wp-json\/wp\/v2\/pages\/9081\/revisions\/10097"}],"wp:attachment":[{"href":"https:\/\/higiene.edu.uy\/informacion-y-comunicacion\/wp-json\/wp\/v2\/media?parent=9081"}],"curies":[{"name":"wp","href":"https:\/\/api.w.org\/{rel}","templated":true}]}}