{"id":8182,"date":"2021-12-10T16:54:34","date_gmt":"2021-12-10T19:54:34","guid":{"rendered":"https:\/\/higiene.edu.uy\/sitebiblioteca\/?page_id=8182"},"modified":"2025-05-12T11:46:18","modified_gmt":"2025-05-12T14:46:18","slug":"template-home","status":"publish","type":"page","link":"https:\/\/higiene.edu.uy\/informacion-y-comunicacion\/","title":{"rendered":"Template home"},"content":{"rendered":"\t\t<div data-elementor-type=\"wp-page\" data-elementor-id=\"8182\" class=\"elementor elementor-8182\">\n\t\t\t\t\t\t<section class=\"elementor-section elementor-top-section elementor-element elementor-element-6018d4f elementor-section-height-min-height elementor-section-stretched elementor-hidden-desktop elementor-hidden-tablet elementor-hidden-mobile elementor-section-boxed elementor-section-height-default elementor-section-items-middle\" data-id=\"6018d4f\" data-element_type=\"section\" data-settings=\"{&quot;stretch_section&quot;:&quot;section-stretched&quot;,&quot;background_background&quot;:&quot;classic&quot;}\">\n\t\t\t\t\t\t<div class=\"elementor-container elementor-column-gap-default\">\n\t\t\t\t\t<div class=\"elementor-column elementor-col-100 elementor-top-column elementor-element elementor-element-9e59c5b\" data-id=\"9e59c5b\" data-element_type=\"column\">\n\t\t\t<div class=\"elementor-widget-wrap elementor-element-populated\">\n\t\t\t\t\t\t<div class=\"elementor-element elementor-element-111b826 elementor-widget elementor-widget-heading\" data-id=\"111b826\" data-element_type=\"widget\" data-widget_type=\"heading.default\">\n\t\t\t\t<div class=\"elementor-widget-container\">\n\t\t\t\t\t<h2 class=\"elementor-heading-title elementor-size-default\">Unidad de informaci\u00f3n y comunicaci\u00f3n<\/h2>\t\t\t\t<\/div>\n\t\t\t\t<\/div>\n\t\t\t\t\t<\/div>\n\t\t<\/div>\n\t\t\t\t\t<\/div>\n\t\t<\/section>\n\t\t\t\t<section class=\"elementor-section elementor-top-section elementor-element elementor-element-53934c23 elementor-section-full_width elementor-section-stretched elementor-section-height-default elementor-section-height-default\" data-id=\"53934c23\" data-element_type=\"section\" data-settings=\"{&quot;background_background&quot;:&quot;classic&quot;,&quot;stretch_section&quot;:&quot;section-stretched&quot;}\">\n\t\t\t\t\t\t<div class=\"elementor-container elementor-column-gap-default\">\n\t\t\t\t\t<div class=\"elementor-column elementor-col-100 elementor-top-column elementor-element elementor-element-7757269d\" data-id=\"7757269d\" data-element_type=\"column\">\n\t\t\t<div class=\"elementor-widget-wrap elementor-element-populated\">\n\t\t\t\t\t\t<div class=\"elementor-element elementor-element-ec2c5be edubin-nav-menu-breakpoint-none elementor-widget elementor-widget-edubin-header-menu\" data-id=\"ec2c5be\" data-element_type=\"widget\" data-widget_type=\"edubin-header-menu.default\">\n\t\t\t\t<div class=\"elementor-widget-container\">\n\t\t\t\t\t<div class=\"edubin-nav-menu-wrapper edubin-header-area edubin-navbar-expand-lg edubin-elementor-nav-menu-wrapper\"><nav class=\"main-navigation edubin-navbar-collapse edubin-elementor-nav\"><ul id=\"menu-1-ec2c5be\" class=\"edubin-navbar-nav edubin-navbar-right nav-menu edubin-nav-ul-wrapper\"><li itemscope=\"itemscope\" itemtype=\"https:\/\/www.schema.org\/SiteNavigationElement\" id=\"menu-item-9534\" class=\"menu-item menu-item-type-post_type menu-item-object-page menu-item-home nav-item menu-item-9534 menu-align-left\"><a class=\"nav-link\" href=\"https:\/\/higiene.edu.uy\/informacion-y-comunicacion\/\">Inicio<\/a><\/li>\n<li itemscope=\"itemscope\" itemtype=\"https:\/\/www.schema.org\/SiteNavigationElement\" id=\"menu-item-9535\" class=\"menu-item menu-item-type-custom menu-item-object-custom menu-item-has-children nav-item menu-item-9535 dropdown menu-align-left\"><a class=\"nav-link\" href=\"#\" aria-haspopup=\"true\">Acerca de nosotros<span class=\"edubin-menu-icon\"><i class=\"flaticon-download\" aria-hidden=\"true\"><\/i><\/span><\/a>\n<ul role=\"menu\" class=\" edubin-dropdown-menu\" >\n\t<li itemscope=\"itemscope\" itemtype=\"https:\/\/www.schema.org\/SiteNavigationElement\" id=\"menu-item-9539\" class=\"menu-item menu-item-type-post_type menu-item-object-page nav-item menu-item-9539 menu-align-left\"><a class=\"nav-link\" href=\"https:\/\/higiene.edu.uy\/informacion-y-comunicacion\/equipo\/\">Equipo<\/a><\/li>\n\t<li itemscope=\"itemscope\" itemtype=\"https:\/\/www.schema.org\/SiteNavigationElement\" id=\"menu-item-9540\" class=\"menu-item menu-item-type-custom menu-item-object-custom menu-item-has-children nav-item menu-item-9540 edubin-dropdown-submenu menu-align-left\"><a class=\"nav-link\" href=\"#\">\u00c1reas<span class=\"edubin-menu-icon\"><i class=\"flaticon-download\" aria-hidden=\"true\"><\/i><\/span><\/a>\n\t<ul role=\"menu\" class=\" edubin-dropdown-menu\" >\n\t\t<li itemscope=\"itemscope\" itemtype=\"https:\/\/www.schema.org\/SiteNavigationElement\" id=\"menu-item-9836\" class=\"menu-item menu-item-type-post_type menu-item-object-page nav-item menu-item-9836 menu-align-left\"><a class=\"nav-link\" href=\"https:\/\/higiene.edu.uy\/informacion-y-comunicacion\/informacion-biblioteca-organigrama\/\">Informaci\u00f3n \u2013 Biblioteca<\/a><\/li>\n\t\t<li itemscope=\"itemscope\" itemtype=\"https:\/\/www.schema.org\/SiteNavigationElement\" id=\"menu-item-9866\" class=\"menu-item menu-item-type-post_type menu-item-object-page nav-item menu-item-9866 menu-align-left\"><a class=\"nav-link\" href=\"https:\/\/higiene.edu.uy\/informacion-y-comunicacion\/comunicacion-organigrama\/\">Comunicaci\u00f3n<\/a><\/li>\n\t\t<li itemscope=\"itemscope\" itemtype=\"https:\/\/www.schema.org\/SiteNavigationElement\" id=\"menu-item-9543\" class=\"menu-item menu-item-type-post_type menu-item-object-page nav-item menu-item-9543 menu-align-left\"><a class=\"nav-link\" href=\"https:\/\/higiene.edu.uy\/informacion-y-comunicacion\/proyectos-institucionales\/\">Proyectos Institucionales<\/a><\/li>\n\t<\/ul>\n<\/li>\n<\/ul>\n<\/li>\n<li itemscope=\"itemscope\" itemtype=\"https:\/\/www.schema.org\/SiteNavigationElement\" id=\"menu-item-9544\" class=\"menu-item menu-item-type-post_type menu-item-object-page nav-item menu-item-9544 menu-align-left\"><a class=\"nav-link\" href=\"https:\/\/higiene.edu.uy\/informacion-y-comunicacion\/novedades\/\">Novedades<\/a><\/li>\n<li itemscope=\"itemscope\" itemtype=\"https:\/\/www.schema.org\/SiteNavigationElement\" id=\"menu-item-9546\" class=\"menu-item menu-item-type-post_type menu-item-object-page nav-item menu-item-9546 menu-align-left\"><a class=\"nav-link\" href=\"https:\/\/higiene.edu.uy\/informacion-y-comunicacion\/latindex\/\">Latindex<\/a><\/li>\n<li itemscope=\"itemscope\" itemtype=\"https:\/\/www.schema.org\/SiteNavigationElement\" id=\"menu-item-9547\" class=\"menu-item menu-item-type-post_type menu-item-object-page nav-item menu-item-9547 menu-align-left\"><a class=\"nav-link\" href=\"https:\/\/higiene.edu.uy\/informacion-y-comunicacion\/talleres\/\">Talleres<\/a><\/li>\n<\/ul><\/nav><div class=\"edubin-default-header-mobile-navbar edubin-mobile-menu\"><div class=\"edubin-elementor-mobile-menu-overlay\"><\/div><div class=\"edubin-elementor-mobile-hamburger-menu\"><a href=\"javascript:void(0);\"><svg xmlns=\"http:\/\/www.w3.org\/2000\/svg\" xmlns:xlink=\"http:\/\/www.w3.org\/1999\/xlink\" id=\"Capa_1\" x=\"0px\" y=\"0px\" viewBox=\"0 0 448 512\" style=\"enable-background:new 0 0 448 512;\" xml:space=\"preserve\"><style type=\"text\/css\">\t.st0{fill:#FFFFFF;}<\/style><path class=\"st0\" d=\"M0,96c0-17.7,14.3-32,32-32h384c17.7,0,32,14.3,32,32s-14.3,32-32,32H32C14.3,128,0,113.7,0,96z M0,256 c0-17.7,14.3-32,32-32h384c17.7,0,32,14.3,32,32s-14.3,32-32,32H32C14.3,288,0,273.7,0,256z M448,416c0,17.7-14.3,32-32,32H32 c-17.7,0-32-14.3-32-32s14.3-32,32-32h384C433.7,384,448,398.3,448,416z\"><\/path><\/svg><\/a><\/div><div class=\"edubin-mobile-menu-nav-wrapper edubin-elementor-mobile-menu-nav-wrapper\"><div class=\"edubin-elementor-mobile-menu-close\"><a href=\"javascript:void(0);\"><i aria-hidden=\"true\" class=\"flaticon-cancel\"><\/i><\/a><\/div><ul id=\"edubin-elementor-mobile-menu-item\" class=\"edubin-elementor-mobile-menu-item\"><li itemscope=\"itemscope\" itemtype=\"https:\/\/www.schema.org\/SiteNavigationElement\" class=\"menu-item menu-item-type-post_type menu-item-object-page menu-item-home nav-item menu-item-9534 menu-align-left\"><a class=\"nav-link\" href=\"https:\/\/higiene.edu.uy\/informacion-y-comunicacion\/\">Inicio<\/a><\/li>\n<li itemscope=\"itemscope\" itemtype=\"https:\/\/www.schema.org\/SiteNavigationElement\" class=\"menu-item menu-item-type-custom menu-item-object-custom menu-item-has-children nav-item menu-item-9535 dropdown menu-align-left\"><a class=\"nav-link\" href=\"#\" aria-haspopup=\"true\">Acerca de nosotros<span class=\"edubin-menu-icon\"><i class=\"flaticon-download\" aria-hidden=\"true\"><\/i><\/span><\/a>\n<ul role=\"menu\" class=\" edubin-dropdown-menu\" >\n\t<li itemscope=\"itemscope\" itemtype=\"https:\/\/www.schema.org\/SiteNavigationElement\" class=\"menu-item menu-item-type-post_type menu-item-object-page nav-item menu-item-9539 menu-align-left\"><a class=\"nav-link\" href=\"https:\/\/higiene.edu.uy\/informacion-y-comunicacion\/equipo\/\">Equipo<\/a><\/li>\n\t<li itemscope=\"itemscope\" itemtype=\"https:\/\/www.schema.org\/SiteNavigationElement\" class=\"menu-item menu-item-type-custom menu-item-object-custom menu-item-has-children nav-item menu-item-9540 edubin-dropdown-submenu menu-align-left\"><a class=\"nav-link\" href=\"#\">\u00c1reas<span class=\"edubin-menu-icon\"><i class=\"flaticon-download\" aria-hidden=\"true\"><\/i><\/span><\/a>\n\t<ul role=\"menu\" class=\" edubin-dropdown-menu\" >\n\t\t<li itemscope=\"itemscope\" itemtype=\"https:\/\/www.schema.org\/SiteNavigationElement\" class=\"menu-item menu-item-type-post_type menu-item-object-page nav-item menu-item-9836 menu-align-left\"><a class=\"nav-link\" href=\"https:\/\/higiene.edu.uy\/informacion-y-comunicacion\/informacion-biblioteca-organigrama\/\">Informaci\u00f3n \u2013 Biblioteca<\/a><\/li>\n\t\t<li itemscope=\"itemscope\" itemtype=\"https:\/\/www.schema.org\/SiteNavigationElement\" class=\"menu-item menu-item-type-post_type menu-item-object-page nav-item menu-item-9866 menu-align-left\"><a class=\"nav-link\" href=\"https:\/\/higiene.edu.uy\/informacion-y-comunicacion\/comunicacion-organigrama\/\">Comunicaci\u00f3n<\/a><\/li>\n\t\t<li itemscope=\"itemscope\" itemtype=\"https:\/\/www.schema.org\/SiteNavigationElement\" class=\"menu-item menu-item-type-post_type menu-item-object-page nav-item menu-item-9543 menu-align-left\"><a class=\"nav-link\" href=\"https:\/\/higiene.edu.uy\/informacion-y-comunicacion\/proyectos-institucionales\/\">Proyectos Institucionales<\/a><\/li>\n\t<\/ul>\n<\/li>\n<\/ul>\n<\/li>\n<li itemscope=\"itemscope\" itemtype=\"https:\/\/www.schema.org\/SiteNavigationElement\" class=\"menu-item menu-item-type-post_type menu-item-object-page nav-item menu-item-9544 menu-align-left\"><a class=\"nav-link\" href=\"https:\/\/higiene.edu.uy\/informacion-y-comunicacion\/novedades\/\">Novedades<\/a><\/li>\n<li itemscope=\"itemscope\" itemtype=\"https:\/\/www.schema.org\/SiteNavigationElement\" class=\"menu-item menu-item-type-post_type menu-item-object-page nav-item menu-item-9546 menu-align-left\"><a class=\"nav-link\" href=\"https:\/\/higiene.edu.uy\/informacion-y-comunicacion\/latindex\/\">Latindex<\/a><\/li>\n<li itemscope=\"itemscope\" itemtype=\"https:\/\/www.schema.org\/SiteNavigationElement\" class=\"menu-item menu-item-type-post_type menu-item-object-page nav-item menu-item-9547 menu-align-left\"><a class=\"nav-link\" href=\"https:\/\/higiene.edu.uy\/informacion-y-comunicacion\/talleres\/\">Talleres<\/a><\/li>\n<\/ul><\/div><\/div><\/div>\t\t\t\t<\/div>\n\t\t\t\t<\/div>\n\t\t\t\t\t<\/div>\n\t\t<\/div>\n\t\t\t\t\t<\/div>\n\t\t<\/section>\n\t\t\t\t<section class=\"elementor-section elementor-top-section elementor-element elementor-element-29e44aa elementor-section-boxed elementor-section-height-default elementor-section-height-default\" data-id=\"29e44aa\" data-element_type=\"section\">\n\t\t\t\t\t\t<div class=\"elementor-container elementor-column-gap-default\">\n\t\t\t\t\t<div class=\"elementor-column elementor-col-100 elementor-top-column elementor-element elementor-element-88b3d35\" data-id=\"88b3d35\" data-element_type=\"column\">\n\t\t\t<div class=\"elementor-widget-wrap elementor-element-populated\">\n\t\t\t\t\t\t<div class=\"elementor-element elementor-element-58839ec elementor-widget elementor-widget-spacer\" data-id=\"58839ec\" data-element_type=\"widget\" data-widget_type=\"spacer.default\">\n\t\t\t\t<div class=\"elementor-widget-container\">\n\t\t\t\t\t\t\t<div class=\"elementor-spacer\">\n\t\t\t<div class=\"elementor-spacer-inner\"><\/div>\n\t\t<\/div>\n\t\t\t\t\t\t<\/div>\n\t\t\t\t<\/div>\n\t\t\t\t\t<\/div>\n\t\t<\/div>\n\t\t\t\t\t<\/div>\n\t\t<\/section>\n\t\t\t\t<section class=\"elementor-section elementor-top-section elementor-element elementor-element-5c8a9bc elementor-section-boxed elementor-section-height-default elementor-section-height-default\" data-id=\"5c8a9bc\" data-element_type=\"section\">\n\t\t\t\t\t\t<div class=\"elementor-container elementor-column-gap-default\">\n\t\t\t\t\t<div class=\"elementor-column elementor-col-100 elementor-top-column elementor-element elementor-element-5aa6783\" data-id=\"5aa6783\" data-element_type=\"column\">\n\t\t\t<div class=\"elementor-widget-wrap elementor-element-populated\">\n\t\t\t\t\t\t<div class=\"elementor-element elementor-element-e4084bc elementor-widget elementor-widget-custom-title-addons\" data-id=\"e4084bc\" data-element_type=\"widget\" data-widget_type=\"custom-title-addons.default\">\n\t\t\t\t<div class=\"elementor-widget-container\">\n\t\t\t\t\t<div class=\"tpc-double_heading\"><div class=\"dbl__subtitle\"><span>INICIO<\/span><\/div><h3 class=\"dbl__title-wrapper\"><span class=\"dbl__title dbl-title_1\">Departamento de Informaci\u00f3n y Comunicaci\u00f3n <\/span><\/h3><\/div>\t\t\t\t<\/div>\n\t\t\t\t<\/div>\n\t\t\t\t\t<\/div>\n\t\t<\/div>\n\t\t\t\t\t<\/div>\n\t\t<\/section>\n\t\t\t\t<section class=\"elementor-section elementor-top-section elementor-element elementor-element-e392e0b elementor-section-boxed elementor-section-height-default elementor-section-height-default\" data-id=\"e392e0b\" data-element_type=\"section\">\n\t\t\t\t\t\t<div class=\"elementor-container elementor-column-gap-default\">\n\t\t\t\t\t<div class=\"elementor-column elementor-col-100 elementor-top-column elementor-element elementor-element-b436b16\" data-id=\"b436b16\" data-element_type=\"column\">\n\t\t\t<div class=\"elementor-widget-wrap elementor-element-populated\">\n\t\t\t\t\t\t<div class=\"elementor-element elementor-element-0c52ad1 elementor-widget elementor-widget-spacer\" data-id=\"0c52ad1\" data-element_type=\"widget\" data-widget_type=\"spacer.default\">\n\t\t\t\t<div class=\"elementor-widget-container\">\n\t\t\t\t\t\t\t<div class=\"elementor-spacer\">\n\t\t\t<div class=\"elementor-spacer-inner\"><\/div>\n\t\t<\/div>\n\t\t\t\t\t\t<\/div>\n\t\t\t\t<\/div>\n\t\t\t\t\t<\/div>\n\t\t<\/div>\n\t\t\t\t\t<\/div>\n\t\t<\/section>\n\t\t\t\t<section class=\"elementor-section elementor-top-section elementor-element elementor-element-58dbf4a elementor-section-boxed elementor-section-height-default elementor-section-height-default\" data-id=\"58dbf4a\" data-element_type=\"section\">\n\t\t\t\t\t\t<div class=\"elementor-container elementor-column-gap-default\">\n\t\t\t\t\t<div class=\"elementor-column elementor-col-100 elementor-top-column elementor-element elementor-element-d882a15\" data-id=\"d882a15\" data-element_type=\"column\">\n\t\t\t<div class=\"elementor-widget-wrap elementor-element-populated\">\n\t\t\t\t\t\t<div class=\"elementor-element elementor-element-b1b2ad8 elementor-widget__width-initial elementor-widget elementor-widget-text-editor\" data-id=\"b1b2ad8\" data-element_type=\"widget\" data-widget_type=\"text-editor.default\">\n\t\t\t\t<div class=\"elementor-widget-container\">\n\t\t\t\t\t\t\t\t\t<h5>DEPARTAMENTO DE INFORMACI\u00d3N Y COMUNICACI\u00d3N<\/h5>\n<p>Bienvenidos al Departamento de Informaci\u00f3n y Comunicaci\u00f3n del Instituto de Higiene.<\/p>\n<p>En el a\u00f1o 2023, la antigua Secci\u00f3n Biblioteca del Instituto tuvo una importante transformaci\u00f3n cualitativa, con dos hechos fundamentales:<\/p>\n<p>&#8211; la creaci\u00f3n de la Unidad de Comunicaci\u00f3n en marzo.<\/p>\n<p>&#8211; la transformaci\u00f3n de la anterior Secci\u00f3n Biblioteca a&nbsp; Departamento de Informaci\u00f3n y Comunicaci\u00f3n en el mes de agosto.<\/p>\n<p>En el entendido que las bibliotecas universitarias tienen la forma administrativa de Departamento se proyect\u00f3 una estructura a trav\u00e9s de la diferenciaci\u00f3n de tareas, que contribuyen a la mejora de la gesti\u00f3n y la calidad del servicio.<\/p>\n<h5>Or\u00edgenes y Fundamentaci\u00f3n de la Propuesta de Departamento de&nbsp; Informaci\u00f3n y Comunicaci\u00f3n del Instituto de Higiene<\/h5>\n<p>Las bibliotecas de la Universidad de la Rep\u00fablica (Udelar), incluyendo aquellas que funcionan en facultades, institutos y centros universitarios regionales, operan administrativamente como Departamentos. Esta estructura departamental facilita la divisi\u00f3n de tareas y promueve la especializaci\u00f3n, lo que redunda en una gesti\u00f3n m\u00e1s eficiente y una mejor calidad en la atenci\u00f3n a los usuarios.<\/p>\n<p>En el contexto espec\u00edfico del Instituto de Higiene (IH), y en consonancia con los lineamientos generales de las Bibliotecas de la Udelar, se propone la creaci\u00f3n de un departamento integral para nuestra Biblioteca. Esta iniciativa se alinea con los principios conceptuales que impulsaron la creaci\u00f3n de la Facultad de Informaci\u00f3n y Comunicaci\u00f3n (FIC).<\/p>\n<p><strong>Inicios<\/strong><\/p>\n<p>Hist\u00f3ricamente, ante la ausencia de un \u00e1rea de comunicaci\u00f3n dedicada en el Instituto de Higiene, la Biblioteca desde 2020 ha ido asumiendo en forma exitosa diversas actividades en este \u00e1mbito, as\u00ed como en el desarrollo de proyectos que trascienden las funciones tradicionales de una biblioteca.<br>Entre las principales actividades de comunicaci\u00f3n y proyectos que se fueron desarrollando desde biblioteca se destacaron:&nbsp;<\/p>\n<ul>\n<li><strong>Coordinaci\u00f3n del Grupo de Trabajo de Visibilidad y Difusi\u00f3n del IH:<\/strong> Este grupo, integrado por docentes representantes de los seis departamentos del Instituto, ha desempe\u00f1ado un papel crucial en la definici\u00f3n de estrategias para aumentar la visibilidad del IH y difundir sus actividades durante el \u00faltimo per\u00edodo.<\/li>\n<li><strong>Articulaci\u00f3n de Actividades de Comunicaci\u00f3n:<\/strong>&nbsp;La Biblioteca es responsable de la coordinaci\u00f3n de estrategias y actividades de comunicaci\u00f3n. Esto incluye la gesti\u00f3n de la relaci\u00f3n con empresas externas de comunicaci\u00f3n cient\u00edfica, as\u00ed como la colaboraci\u00f3n con instituciones tanto dentro como fuera de la Udelar.<\/li>\n<li><strong>Gesti\u00f3n de Redes Sociales Institucionales:<\/strong> La Biblioteca tiene a su cargo la creaci\u00f3n, el mantenimiento, la generaci\u00f3n y la edici\u00f3n de contenidos para las redes sociales institucionales (Twitter, Instagram, YouTube), abarcando las diversas actividades del Instituto en su conjunto.<\/li>\n<li><strong>Gesti\u00f3n de la P\u00e1gina Web Institucional:<\/strong> En colaboraci\u00f3n con la Unidad de Inform\u00e1tica, la Biblioteca lider\u00f3 el redise\u00f1o de la p\u00e1gina web institucional, incluyendo:\n<ul>\n<li>Participaci\u00f3n activa en la migraci\u00f3n del sitio web a trav\u00e9s de reuniones peri\u00f3dicas con el equipo de trabajo.<\/li>\n<li>Desarrollo de capacitaciones para la edici\u00f3n de contenidos.<\/li>\n<li>Implementaci\u00f3n de talleres de capacitaci\u00f3n dirigidos a los diferentes editores de la p\u00e1gina web, organizados por m\u00f3dulos (departamentos y unidades).<\/li>\n<li>Realizaci\u00f3n de actualizaciones peri\u00f3dicas y generaci\u00f3n de nuevo contenido para el sitio web.<\/li>\n<\/ul>\n<\/li>\n<li><strong>Colaboraci\u00f3n en la Producci\u00f3n del Video Institucional:<\/strong> La Biblioteca particip\u00f3 activamente en la realizaci\u00f3n del video institucional, colaborando en la redacci\u00f3n del guion y en la selecci\u00f3n de material fotogr\u00e1fico y f\u00edlmico.<\/li>\n<\/ul>\n<p>La experiencia adquirida y el rol central que la Biblioteca ha desempe\u00f1ado en las \u00e1reas de comunicaci\u00f3n y gesti\u00f3n de informaci\u00f3n justifican la formalizaci\u00f3n de un departamento que integre estas funciones de manera org\u00e1nica y eficiente.<\/p>\n<p>Con la creaci\u00f3n del <strong>Departamento de Informaci\u00f3n y Comunicaci\u00f3n <\/strong>se lograr\u00e1 &nbsp;potenciar estas \u00e1reas estrat\u00e9gicas para el Instituto de Higiene, optimizando la gesti\u00f3n de la informaci\u00f3n, la comunicaci\u00f3n y la preservaci\u00f3n de la memoria institucional.<\/p>\n<p>&nbsp;En 2022, la Comisi\u00f3n Directiva del Instituto de Higiene trabaj\u00f3 en la reestructura del organigrama del mismo, donde se contemplaba entre otros cambios, la transformaci\u00f3n de la antigua secci\u00f3n Biblioteca a Departamento de Informaci\u00f3n y Comunicaci\u00f3n.&nbsp;<\/p>\n<p>En mayo de 2023 el Consejo de Facultad de Medicina resuelve: <span style=\"background-color: #efefef;color: black;font-family: 'Bookman Old Style', serif;font-size: 13.5pt\">&nbsp;<\/span><\/p>\n<p><strong><u>(Exp. N\u00ba&nbsp;080011-000041-22)<\/u><\/strong>&nbsp;Atento a lo informado por la Comisi\u00f3n Directiva del Instituto de Higiene, aprobar la \u00faltima versi\u00f3n actualizada correspondiente al organigrama del Instituto de Higiene en el \u00e1rea T\u00e9cnico, Administrativo y de Servicios, que consta en la actuaci\u00f3n 7 y elevar al CDG.(9 en 9).<\/p>\n<p><span style=\"background-color: inherit;text-align: justify\">&nbsp;De acuerdo a la nueva estructura del organigrama institucional, el ahora Departamento qued\u00f3 conformado de la siguiente manera:&nbsp;<\/span><\/p>\n<p><img fetchpriority=\"high\" decoding=\"async\" src=\"https:\/\/higiene.edu.uy\/informacion-y-comunicacion\/wp-content\/uploads\/sites\/10\/2025\/05\/organigrama-1024x585.png\" alt=\"\" width=\"1024\" height=\"585\"><\/p>\n<p>En julio de 2023, se designa en car\u00e1cter efectivo a la Lic. Cecilia Valenzuela la Direcci\u00f3n del Departamento de acuerdo al cuadro oportunamente homologado (Res. No. 4 del CDG 24.04.23).&nbsp;<\/p>\n<p>En 2024 se consolida el Departamento creado trav\u00e9s de una estructura con una clara diferenciaci\u00f3n de tareas, que contribuyan a la mejora de la gesti\u00f3n y la calidad del servicio.<\/p>\n<p>El objetivo principal este a\u00f1o fue fortalecer en un solo servicio tres grandes \u00e1reas:&nbsp; la Comunicaci\u00f3n y la Informaci\u00f3n, as\u00ed como la coordinaci\u00f3n de proyectos institucionales e integraci\u00f3n de grupos de trabajo interinstitucional y con Campus Parque Batlle.<\/p>\t\t\t\t\t\t\t\t<\/div>\n\t\t\t\t<\/div>\n\t\t\t\t\t<\/div>\n\t\t<\/div>\n\t\t\t\t\t<\/div>\n\t\t<\/section>\n\t\t\t\t<section class=\"elementor-section elementor-top-section elementor-element elementor-element-5caca91 elementor-section-boxed elementor-section-height-default elementor-section-height-default\" data-id=\"5caca91\" data-element_type=\"section\">\n\t\t\t\t\t\t<div class=\"elementor-container elementor-column-gap-default\">\n\t\t\t\t\t<div class=\"elementor-column elementor-col-100 elementor-top-column elementor-element elementor-element-f6ee614\" data-id=\"f6ee614\" data-element_type=\"column\">\n\t\t\t<div class=\"elementor-widget-wrap elementor-element-populated\">\n\t\t\t\t\t\t<div class=\"elementor-element elementor-element-dc1f28f elementor-widget-divider--view-line elementor-widget elementor-widget-divider\" data-id=\"dc1f28f\" data-element_type=\"widget\" data-widget_type=\"divider.default\">\n\t\t\t\t<div class=\"elementor-widget-container\">\n\t\t\t\t\t\t\t<div class=\"elementor-divider\">\n\t\t\t<span class=\"elementor-divider-separator\">\n\t\t\t\t\t\t<\/span>\n\t\t<\/div>\n\t\t\t\t\t\t<\/div>\n\t\t\t\t<\/div>\n\t\t\t\t\t<\/div>\n\t\t<\/div>\n\t\t\t\t\t<\/div>\n\t\t<\/section>\n\t\t\t\t<section class=\"elementor-section elementor-top-section elementor-element elementor-element-7b286db elementor-section-boxed elementor-section-height-default elementor-section-height-default\" data-id=\"7b286db\" data-element_type=\"section\" data-settings=\"{&quot;background_background&quot;:&quot;classic&quot;}\">\n\t\t\t\t\t\t<div class=\"elementor-container elementor-column-gap-default\">\n\t\t\t\t\t<div class=\"elementor-column elementor-col-100 elementor-top-column elementor-element elementor-element-c6fdcf9\" data-id=\"c6fdcf9\" data-element_type=\"column\">\n\t\t\t<div class=\"elementor-widget-wrap elementor-element-populated\">\n\t\t\t\t\t\t<section class=\"elementor-section elementor-inner-section elementor-element elementor-element-7765c3e elementor-section-boxed elementor-section-height-default elementor-section-height-default\" data-id=\"7765c3e\" data-element_type=\"section\">\n\t\t\t\t\t\t<div class=\"elementor-container elementor-column-gap-default\">\n\t\t\t\t\t<div class=\"elementor-column elementor-col-50 elementor-inner-column elementor-element elementor-element-dc61594\" data-id=\"dc61594\" data-element_type=\"column\">\n\t\t\t<div class=\"elementor-widget-wrap elementor-element-populated\">\n\t\t\t\t\t\t<div class=\"elementor-element elementor-element-1a90716 edubin-title-align-left elementor-widget elementor-widget-section-title-addons\" data-id=\"1a90716\" data-element_type=\"widget\" data-widget_type=\"section-title-addons.default\">\n\t\t\t\t<div class=\"elementor-widget-container\">\n\t\t\t\t\t            <div class=\"edubin-section-title edubin-subtitle-position-top title-style-four\">\r\n                <h2 class=\"section-title-txt\">Novedades<\/h2><div class=edubin-title-sperator-sec><span class=\"edubin-title-sperator\">&nbsp;<\/span><\/div><p class=\"section-subtitle-txt\">Informaci\u00f3n de inter\u00e9s<\/p>            <\/div>\r\n\r\n        \t\t\t\t<\/div>\n\t\t\t\t<\/div>\n\t\t\t\t\t<\/div>\n\t\t<\/div>\n\t\t\t\t<div class=\"elementor-column elementor-col-50 elementor-inner-column elementor-element elementor-element-dc3cdc3\" data-id=\"dc3cdc3\" data-element_type=\"column\">\n\t\t\t<div class=\"elementor-widget-wrap\">\n\t\t\t\t\t\t\t<\/div>\n\t\t<\/div>\n\t\t\t\t\t<\/div>\n\t\t<\/section>\n\t\t\t\t<div class=\"elementor-element elementor-element-6812b15 elementor-widget elementor-widget-edubin-latest-post\" data-id=\"6812b15\" data-element_type=\"widget\" data-widget_type=\"edubin-latest-post.default\">\n\t\t\t\t<div class=\"elementor-widget-container\">\n\t\t\t\t\t            \n            <div class=\"row tpc_g_30 edubin-latest-news layout-1\">\n    \n                    \n                    \n              \n                        <div class=\" edubin-col-12 edubin-col-sm-6 edubin-col-md-6 edubin-col-lg-4 4 \">\n                            <div class=\"single-news\" >\n                                                                    <div class=\"news-thum\">\n                                        <a href=\"https:\/\/higiene.edu.uy\/informacion-y-comunicacion\/2025\/11\/26\/el-instituto-de-higiene-fortalece-habilidades-curriculares-con-cvuy-de-anii\/\">\n                                            <img decoding=\"async\" width=\"2560\" height=\"1920\" src=\"https:\/\/higiene.edu.uy\/informacion-y-comunicacion\/wp-content\/uploads\/sites\/10\/2025\/11\/Taller-de-creacion-de-CVUy-ANII-26-11-25-37-scaled.jpg\" class=\"attachment-custom size-custom wp-post-image\" alt=\"\" srcset=\"https:\/\/higiene.edu.uy\/informacion-y-comunicacion\/wp-content\/uploads\/sites\/10\/2025\/11\/Taller-de-creacion-de-CVUy-ANII-26-11-25-37-scaled.jpg 2560w, https:\/\/higiene.edu.uy\/informacion-y-comunicacion\/wp-content\/uploads\/sites\/10\/2025\/11\/Taller-de-creacion-de-CVUy-ANII-26-11-25-37-300x225.jpg 300w, https:\/\/higiene.edu.uy\/informacion-y-comunicacion\/wp-content\/uploads\/sites\/10\/2025\/11\/Taller-de-creacion-de-CVUy-ANII-26-11-25-37-1024x768.jpg 1024w, https:\/\/higiene.edu.uy\/informacion-y-comunicacion\/wp-content\/uploads\/sites\/10\/2025\/11\/Taller-de-creacion-de-CVUy-ANII-26-11-25-37-768x576.jpg 768w, https:\/\/higiene.edu.uy\/informacion-y-comunicacion\/wp-content\/uploads\/sites\/10\/2025\/11\/Taller-de-creacion-de-CVUy-ANII-26-11-25-37-1536x1152.jpg 1536w, https:\/\/higiene.edu.uy\/informacion-y-comunicacion\/wp-content\/uploads\/sites\/10\/2025\/11\/Taller-de-creacion-de-CVUy-ANII-26-11-25-37-2048x1536.jpg 2048w\" sizes=\"(max-width: 2560px) 100vw, 2560px\" \/>                                        <\/a>\n                                                                            <\/div>\n                                    \n                                    <div class=\"news-cont\">\n                                                                                <ul>\n                                                                                            <li><a href=\"https:\/\/higiene.edu.uy\/informacion-y-comunicacion\/2025\/11\/26\/\"><i class=\"flaticon-calendar\"><\/i>26 noviembre 2025 <\/a><\/li>\n                                                                                                                                        <li><i class=\"flaticon-user\"><\/i><a href=\"https:\/\/higiene.edu.uy\/informacion-y-comunicacion\/author\/cvalenzuela\/\"> cvalenzuela<\/a><\/li>\n                                                                                    <\/ul>\n                                                                                    <a href=\"https:\/\/higiene.edu.uy\/informacion-y-comunicacion\/2025\/11\/26\/el-instituto-de-higiene-fortalece-habilidades-curriculares-con-cvuy-de-anii\/\"><h3 class=\"news-title\">El Instituto de Higiene fortalece habilidades curriculares con CVUy de ANII<\/h3><\/a>\n                                                                                                                                                                <div class=\"edubin-blog-readmore\">\n                                        <a href=\"https:\/\/higiene.edu.uy\/informacion-y-comunicacion\/2025\/11\/26\/el-instituto-de-higiene-fortalece-habilidades-curriculares-con-cvuy-de-anii\/\">Leer m\u00e1s<\/a>\n                                        <\/div>\n                                            \n                                    <\/div>\n                            <\/div> <!-- single news -->\n                        <\/div>\n          \n    \n                            \n                    \n              \n                        <div class=\" edubin-col-12 edubin-col-sm-6 edubin-col-md-6 edubin-col-lg-4 4 \">\n                            <div class=\"single-news\" >\n                                                                    <div class=\"news-thum\">\n                                        <a href=\"https:\/\/higiene.edu.uy\/informacion-y-comunicacion\/2025\/11\/21\/participacion-del-instituto-de-higiene-en-la-6a-feria-modo-udelar-2025\/\">\n                                            <img decoding=\"async\" width=\"1200\" height=\"900\" src=\"https:\/\/higiene.edu.uy\/informacion-y-comunicacion\/wp-content\/uploads\/sites\/10\/2025\/11\/Dpto.-Informacion-y-Comunciacion-Feria-Modo-Udelar-2025-2.jpg\" class=\"attachment-custom size-custom wp-post-image\" alt=\"\" srcset=\"https:\/\/higiene.edu.uy\/informacion-y-comunicacion\/wp-content\/uploads\/sites\/10\/2025\/11\/Dpto.-Informacion-y-Comunciacion-Feria-Modo-Udelar-2025-2.jpg 1200w, https:\/\/higiene.edu.uy\/informacion-y-comunicacion\/wp-content\/uploads\/sites\/10\/2025\/11\/Dpto.-Informacion-y-Comunciacion-Feria-Modo-Udelar-2025-2-300x225.jpg 300w, https:\/\/higiene.edu.uy\/informacion-y-comunicacion\/wp-content\/uploads\/sites\/10\/2025\/11\/Dpto.-Informacion-y-Comunciacion-Feria-Modo-Udelar-2025-2-1024x768.jpg 1024w, https:\/\/higiene.edu.uy\/informacion-y-comunicacion\/wp-content\/uploads\/sites\/10\/2025\/11\/Dpto.-Informacion-y-Comunciacion-Feria-Modo-Udelar-2025-2-768x576.jpg 768w\" sizes=\"(max-width: 1200px) 100vw, 1200px\" \/>                                        <\/a>\n                                                                            <\/div>\n                                    \n                                    <div class=\"news-cont\">\n                                                                                <ul>\n                                                                                            <li><a href=\"https:\/\/higiene.edu.uy\/informacion-y-comunicacion\/2025\/11\/21\/\"><i class=\"flaticon-calendar\"><\/i>21 noviembre 2025 <\/a><\/li>\n                                                                                                                                        <li><i class=\"flaticon-user\"><\/i><a href=\"https:\/\/higiene.edu.uy\/informacion-y-comunicacion\/author\/cvalenzuela\/\"> cvalenzuela<\/a><\/li>\n                                                                                    <\/ul>\n                                                                                    <a href=\"https:\/\/higiene.edu.uy\/informacion-y-comunicacion\/2025\/11\/21\/participacion-del-instituto-de-higiene-en-la-6a-feria-modo-udelar-2025\/\"><h3 class=\"news-title\">Participaci\u00f3n del Instituto de Higiene en la 6\u00aa Feria Modo Udelar 2025<\/h3><\/a>\n                                                                                                                                                                <div class=\"edubin-blog-readmore\">\n                                        <a href=\"https:\/\/higiene.edu.uy\/informacion-y-comunicacion\/2025\/11\/21\/participacion-del-instituto-de-higiene-en-la-6a-feria-modo-udelar-2025\/\">Leer m\u00e1s<\/a>\n                                        <\/div>\n                                            \n                                    <\/div>\n                            <\/div> <!-- single news -->\n                        <\/div>\n          \n    \n                            \n                    \n              \n                        <div class=\" edubin-col-12 edubin-col-sm-6 edubin-col-md-6 edubin-col-lg-4 4 \">\n                            <div class=\"single-news\" >\n                                                                    <div class=\"news-thum\">\n                                        <a href=\"https:\/\/higiene.edu.uy\/informacion-y-comunicacion\/2025\/09\/03\/dia-nacional-del-bibliotecologo-2025-agentes-de-transformacion-en-la-era-digital\/\">\n                                            <img loading=\"lazy\" decoding=\"async\" width=\"1336\" height=\"721\" src=\"https:\/\/higiene.edu.uy\/informacion-y-comunicacion\/wp-content\/uploads\/sites\/10\/2025\/09\/Captura-de-pantalla-2025-09-03-115442.png\" class=\"attachment-custom size-custom wp-post-image\" alt=\"\" srcset=\"https:\/\/higiene.edu.uy\/informacion-y-comunicacion\/wp-content\/uploads\/sites\/10\/2025\/09\/Captura-de-pantalla-2025-09-03-115442.png 1336w, https:\/\/higiene.edu.uy\/informacion-y-comunicacion\/wp-content\/uploads\/sites\/10\/2025\/09\/Captura-de-pantalla-2025-09-03-115442-300x162.png 300w, https:\/\/higiene.edu.uy\/informacion-y-comunicacion\/wp-content\/uploads\/sites\/10\/2025\/09\/Captura-de-pantalla-2025-09-03-115442-1024x553.png 1024w, https:\/\/higiene.edu.uy\/informacion-y-comunicacion\/wp-content\/uploads\/sites\/10\/2025\/09\/Captura-de-pantalla-2025-09-03-115442-768x414.png 768w\" sizes=\"(max-width: 1336px) 100vw, 1336px\" \/>                                        <\/a>\n                                                                            <\/div>\n                                    \n                                    <div class=\"news-cont\">\n                                                                                <ul>\n                                                                                            <li><a href=\"https:\/\/higiene.edu.uy\/informacion-y-comunicacion\/2025\/09\/03\/\"><i class=\"flaticon-calendar\"><\/i>03 septiembre 2025 <\/a><\/li>\n                                                                                                                                        <li><i class=\"flaticon-user\"><\/i><a href=\"https:\/\/higiene.edu.uy\/informacion-y-comunicacion\/author\/cvalenzuela\/\"> cvalenzuela<\/a><\/li>\n                                                                                    <\/ul>\n                                                                                    <a href=\"https:\/\/higiene.edu.uy\/informacion-y-comunicacion\/2025\/09\/03\/dia-nacional-del-bibliotecologo-2025-agentes-de-transformacion-en-la-era-digital\/\"><h3 class=\"news-title\">D\u00eda Nacional del Bibliotec\u00f3logo 2025: agentes de transformaci\u00f3n en la era digital<\/h3><\/a>\n                                                                                                                                                                <div class=\"edubin-blog-readmore\">\n                                        <a href=\"https:\/\/higiene.edu.uy\/informacion-y-comunicacion\/2025\/09\/03\/dia-nacional-del-bibliotecologo-2025-agentes-de-transformacion-en-la-era-digital\/\">Leer m\u00e1s<\/a>\n                                        <\/div>\n                                            \n                                    <\/div>\n                            <\/div> <!-- single news -->\n                        <\/div>\n          \n    \n                            \n                                                     <\/div>\n    \n        \n            \t\t\t\t<\/div>\n\t\t\t\t<\/div>\n\t\t\t\t\t<\/div>\n\t\t<\/div>\n\t\t\t\t\t<\/div>\n\t\t<\/section>\n\t\t\t\t<section class=\"elementor-section elementor-top-section elementor-element elementor-element-9e16425 elementor-section-boxed elementor-section-height-default elementor-section-height-default\" data-id=\"9e16425\" data-element_type=\"section\">\n\t\t\t\t\t\t<div class=\"elementor-container elementor-column-gap-default\">\n\t\t\t\t\t<div class=\"elementor-column elementor-col-50 elementor-top-column elementor-element elementor-element-0742534\" data-id=\"0742534\" data-element_type=\"column\">\n\t\t\t<div class=\"elementor-widget-wrap elementor-element-populated\">\n\t\t\t\t\t\t<div class=\"elementor-element elementor-element-a186c47 elementor-widget elementor-widget-heading\" data-id=\"a186c47\" data-element_type=\"widget\" data-widget_type=\"heading.default\">\n\t\t\t\t<div class=\"elementor-widget-container\">\n\t\t\t\t\t<h6 class=\"elementor-heading-title elementor-size-default\">Segu\u00ednos en Redes Sociales:<\/h6>\t\t\t\t<\/div>\n\t\t\t\t<\/div>\n\t\t\t\t\t<\/div>\n\t\t<\/div>\n\t\t\t\t<div class=\"elementor-column elementor-col-50 elementor-top-column elementor-element elementor-element-e330168\" data-id=\"e330168\" data-element_type=\"column\">\n\t\t\t<div class=\"elementor-widget-wrap elementor-element-populated\">\n\t\t\t\t\t\t<div class=\"elementor-element elementor-element-40299c0 elementor-shape-circle elementor-grid-0 e-grid-align-center elementor-widget elementor-widget-social-icons\" data-id=\"40299c0\" data-element_type=\"widget\" data-widget_type=\"social-icons.default\">\n\t\t\t\t<div class=\"elementor-widget-container\">\n\t\t\t\t\t\t\t<div class=\"elementor-social-icons-wrapper elementor-grid\">\n\t\t\t\t\t\t\t<span class=\"elementor-grid-item\">\n\t\t\t\t\t<a class=\"elementor-icon elementor-social-icon elementor-social-icon-facebook elementor-repeater-item-5129c4f\" href=\"https:\/\/www.facebook.com\/biblioteca.institutodehigiene\" target=\"_blank\">\n\t\t\t\t\t\t<span class=\"elementor-screen-only\">Facebook<\/span>\n\t\t\t\t\t\t<i class=\"fab fa-facebook\"><\/i>\t\t\t\t\t<\/a>\n\t\t\t\t<\/span>\n\t\t\t\t\t\t\t<span class=\"elementor-grid-item\">\n\t\t\t\t\t<a class=\"elementor-icon elementor-social-icon elementor-social-icon-instagram elementor-repeater-item-e9aeea6\" href=\"https:\/\/www.instagram.com\/bibliotecainstitutodehigiene\/\" target=\"_blank\">\n\t\t\t\t\t\t<span class=\"elementor-screen-only\">Instagram<\/span>\n\t\t\t\t\t\t<i class=\"fab fa-instagram\"><\/i>\t\t\t\t\t<\/a>\n\t\t\t\t<\/span>\n\t\t\t\t\t<\/div>\n\t\t\t\t\t\t<\/div>\n\t\t\t\t<\/div>\n\t\t\t\t\t<\/div>\n\t\t<\/div>\n\t\t\t\t\t<\/div>\n\t\t<\/section>\n\t\t\t\t<section class=\"elementor-section elementor-top-section elementor-element elementor-element-790b6fc elementor-section-boxed elementor-section-height-default elementor-section-height-default\" data-id=\"790b6fc\" data-element_type=\"section\">\n\t\t\t\t\t\t<div class=\"elementor-container elementor-column-gap-default\">\n\t\t\t\t\t<div class=\"elementor-column elementor-col-100 elementor-top-column elementor-element elementor-element-66daf4a\" data-id=\"66daf4a\" data-element_type=\"column\">\n\t\t\t<div class=\"elementor-widget-wrap elementor-element-populated\">\n\t\t\t\t\t\t<div class=\"elementor-element elementor-element-2025c47 elementor-widget elementor-widget-spacer\" data-id=\"2025c47\" data-element_type=\"widget\" data-widget_type=\"spacer.default\">\n\t\t\t\t<div class=\"elementor-widget-container\">\n\t\t\t\t\t\t\t<div class=\"elementor-spacer\">\n\t\t\t<div class=\"elementor-spacer-inner\"><\/div>\n\t\t<\/div>\n\t\t\t\t\t\t<\/div>\n\t\t\t\t<\/div>\n\t\t\t\t\t<\/div>\n\t\t<\/div>\n\t\t\t\t\t<\/div>\n\t\t<\/section>\n\t\t\t\t<\/div>\n\t\t","protected":false},"excerpt":{"rendered":"<p>Unidad de informaci\u00f3n y comunicaci\u00f3n Inicio Acerca de nosotros Equipo \u00c1reas Informaci\u00f3n \u2013 Biblioteca Comunicaci\u00f3n Proyectos Institucionales Novedades Latindex Talleres&#8230;<\/p>\n","protected":false},"author":1,"featured_media":0,"parent":0,"menu_order":0,"comment_status":"closed","ping_status":"closed","template":"","meta":{"_acf_changed":false,"footnotes":""},"class_list":["post-8182","page","type-page","status-publish","hentry"],"acf":[],"_links":{"self":[{"href":"https:\/\/higiene.edu.uy\/informacion-y-comunicacion\/wp-json\/wp\/v2\/pages\/8182","targetHints":{"allow":["GET"]}}],"collection":[{"href":"https:\/\/higiene.edu.uy\/informacion-y-comunicacion\/wp-json\/wp\/v2\/pages"}],"about":[{"href":"https:\/\/higiene.edu.uy\/informacion-y-comunicacion\/wp-json\/wp\/v2\/types\/page"}],"author":[{"embeddable":true,"href":"https:\/\/higiene.edu.uy\/informacion-y-comunicacion\/wp-json\/wp\/v2\/users\/1"}],"replies":[{"embeddable":true,"href":"https:\/\/higiene.edu.uy\/informacion-y-comunicacion\/wp-json\/wp\/v2\/comments?post=8182"}],"version-history":[{"count":285,"href":"https:\/\/higiene.edu.uy\/informacion-y-comunicacion\/wp-json\/wp\/v2\/pages\/8182\/revisions"}],"predecessor-version":[{"id":10216,"href":"https:\/\/higiene.edu.uy\/informacion-y-comunicacion\/wp-json\/wp\/v2\/pages\/8182\/revisions\/10216"}],"wp:attachment":[{"href":"https:\/\/higiene.edu.uy\/informacion-y-comunicacion\/wp-json\/wp\/v2\/media?parent=8182"}],"curies":[{"name":"wp","href":"https:\/\/api.w.org\/{rel}","templated":true}]}}